{"id":99,"date":"2018-11-02T20:37:06","date_gmt":"2018-11-02T19:37:06","guid":{"rendered":"http:\/\/landfrauenverein-merdingen.de\/?page_id=99"},"modified":"2026-04-28T09:57:44","modified_gmt":"2026-04-28T07:57:44","slug":"termine-3","status":"publish","type":"page","link":"https:\/\/landfrauenverein-merdingen.de\/?page_id=99","title":{"rendered":"Termine"},"content":{"rendered":"\n<p class=\"has-text-color\" style=\"color:#f44808\"><strong><a href=\"https:\/\/www.landfrauenverband-suedbaden.de\/\">Der LandFrauenverband S\u00fcdbaden<\/a> <\/strong>bietet Online- Seminare, Kurse und Infos an. &nbsp;<\/p>\n\n\n\n<p>__________________________________________________________________<\/p>\n\n\n\n<p class=\"has-text-color has-link-color wp-elements-2cf66bb206b078f8080a925bd5942e1c\" style=\"color:#206606fa\">Termine und Informationen des Bezirks: <a href=\"https:\/\/www.landfrauen-bezirk-freiburg.de\/\">https:\/\/www.landfrauen-bezirk-freiburg.de\/<\/a><\/p>\n\n\n\n<p>___________________________________________________________________<\/p>\n\n\n\n<p class=\"has-text-color has-link-color has-medium-font-size wp-elements-045e6e270de1ca267384e744c1a22de3\" style=\"color:#fa0505f7\"><strong>Termine der <em>LandFrauen Merding<\/em><\/strong><em><strong>en<\/strong><\/em> <\/p>\n\n\n\n<p><strong>Vortrag und Buchvorstellung<\/strong><\/p>\n\n\n\n<p><strong>Am Montag, 4. Mai 2026 um 19.30 Uhr im<\/strong><\/p>\n\n\n\n<p>LandFrauenraum in der alten Schule, Stockbrunnengasse 2<\/p>\n\n\n\n<p><strong>Stress, lass nach!<\/strong><\/p>\n\n\n\n<p>Nerv\u00f6se Bauchschmerzen, Kopfweh, hormonelles Durcheinander, R\u00fcckenschmerzen und Schlafst\u00f6rungen sind h\u00e4ufig Auswirkungen von Stress.<\/p>\n\n\n\n<p>Bereits 2016 erkl\u00e4rte der WHO Stress zu einer der gr\u00f6\u00dften Gesundheitsgefahren des 21. Jahrhunderts. Rund 80% aller Krankheiten werden durch Stress entweder verursacht oder verschlimmert.<\/p>\n\n\n\n<p>Michaela Girsch ist Autorin des Buches &#8222;Mit Naturheilkunde Stress bew\u00e4ltigen&#8220; und wird in diesem Vortrag Heilpflanzen vorstellen, die die Anpassung an Stressbelastung unterst\u00fctzen und die sch\u00e4dlichen Auswirkungen von Stress reduzieren k\u00f6nnen.<\/p>\n\n\n\n<p>Herzliche Einladung an Alle!<\/p>\n\n\n\n<p> &#8212;&#8212;&#8212;&#8212;&#8212;&#8212;&#8212;&#8212;&#8212;&#8212;&#8212;&#8212;&#8212;&#8212;&#8212;&#8212;&#8212;&#8212;&#8212;&#8212;&#8212;&#8212;&#8212;&#8212;&#8212;&#8212;&#8212;&#8212;&#8212;&#8212;&#8212;&#8212;&#8212;&#8212;&#8212;&#8212;&#8212;&#8212;&#8212;&#8212;&#8211;<\/p>\n\n\n\n<p><strong>24.Mai Pfingstsonntag um 18:30 Uhr Maiandacht<\/strong><\/p>\n\n\n\n<p>mit der Trachtengruppe der Landfrauen<\/p>\n\n\n\n<p>Herzliche Einladung<\/p>\n\n\n\n<p>______________________________________________________________________<\/p>\n\n\n\n<p><strong> 9. Juni Dienstag um 18.30 Uhr , Makramee-Workshop<\/strong><\/p>\n\n\n\n<p>Wir laden wieder zu einem kreativen Workshop &#8222;Makramee-Windlicht&#8220; ein.<\/p>\n\n\n\n<p>Der Kurs fiindet im LandFrauenraum in der alten Schule statt.<\/p>\n\n\n\n<p>&nbsp;In gem\u00fctlicher Atmosph\u00e4re gestalten wir ein dekoratives Windlicht aus Makramee.<\/p>\n\n\n\n<p>Die Teilnahmegeb\u00fchr betr\u00e4gt 8\u20ac f\u00fcr Mitglieder und 20\u20ac f\u00fcr Nichtmitglieder.<\/p>\n\n\n\n<p>Anmeldung per E-Mail an info@landfrauenverein-merdingen.de<\/p>\n\n\n\n<p>________________________________________________________________________<\/p>\n\n\n\n<p><strong>Ausflug 2026 nach St. M\u00e4rgen<\/strong><\/p>\n\n\n\n<p><strong>Am Samstag, 11. Juli 2026, 8:00 Uhr<\/strong> werden wir<\/p>\n\n\n\n<p>einen Halbtagesausflug machen. Herzliche Einladung an alle Mitglieder, auch Nichtmitglieder sind willkommen.<\/p>\n\n\n\n<p>Um 8 Uhr starten wir mit dem Bus an der Hermann-Brommer-Schule. Unser Ziel istSt. M\u00e4rgen, wo wir im Caf\u00e9 Goldene Krone  (auch als Landfrauen-Caf\u00e9 bekannt) gemeinsam fr\u00fchst\u00fccken werden. <\/p>\n\n\n\n<p>Um ca. 12.30 Uhr werden wir durch das Kloster Museum gef\u00fchrt. Wir bekommen Einblicke in die Schwarzw\u00e4lder Uhrengeschichte, die Geschichte des Klosters, der Hinterglasmalerei und das Leben auf dem Schwarzwald. <\/p>\n\n\n\n<p>Danach werden wir wieder nach Merdingen gefahren, wo wir um ca. 15 Uhr ankommen werden.<\/p>\n\n\n\n<p>Die Kosten f\u00fcr den Bus \u00fcbernehmen die LandFrauen. <\/p>\n\n\n\n<p>Die Kosten f\u00fcr das Fr\u00fchst\u00fcck inklusive aller Hei\u00dfgetr\u00e4nke, Saft, Wasser und den Museumsbesuch belaufen sich insgesamt auf 36,50\u20ac Eigenanteil pro Person.<\/p>\n\n\n\n<p>F\u00fcr Nichtmitglieder kostet der Ausflug ins gesamt 50\u20ac.<\/p>\n\n\n\n<p>Anmelden k\u00f6nnt ihr Euch bei Sigrid Schnurr Tel. 952830,  per E-Mail an info@landfrauenverein-merdingen.de<\/p>\n\n\n\n<p>Anmeldeschluss ist der 13.Juni .2026<\/p>\n\n\n\n<p>Das Vorstandsteam der LandFrauen<\/p>\n\n\n\n<p class=\"has-dark-gray-color has-text-color has-link-color wp-elements-85158c27b97229ae8ff6e51d941c4067\" style=\"font-size:17px\">______________________________________________________________<\/p>\n\n\n\n<p class=\"has-text-color has-link-color has-medium-font-size wp-elements-8991893e5611312d85304759398392b7\" style=\"color:#d40909\"><strong><em>Zur\u00fcckliegende Termine<\/em><\/strong>:<\/p>\n\n\n\n<p class=\"has-dark-gray-color has-text-color has-link-color wp-elements-062e6d2034da09ffaf5f6021ca63c787\" style=\"font-size:17px\"><strong>Generalversammlung 2026<\/strong><\/p>\n\n\n\n<p><strong>am Donnerstag, 26. M\u00e4rz um 19 Uhr<\/strong> im LandFrauenraum in der alten Schule<\/p>\n\n\n\n<p class=\"has-text-color has-link-color wp-elements-074fc9db581fdfa4d07b3306b3f08064\" style=\"color:#e90a0a\">___________________________________________________________<\/p>\n\n\n\n<p><strong> Stricktreff&nbsp;<\/strong><\/p>\n\n\n\n<p> <strong>Dienstag, 3. Februar ab 19 Uhr im Gruppenraum<\/strong>&nbsp;in der alten Schule<\/p>\n\n\n\n<p>____________________________________________________________________<\/p>\n\n\n\n<p class=\"has-text-color has-link-color wp-elements-1d110b69be7c8d5fe7962dbf492b1502\" style=\"color:#0a660e\">B<strong>oden nutzen &#8211; Boden sch\u00fctzen<\/strong><\/p>\n\n\n\n<p>Gemeinsame Veranstaltung BUND und LandFrauen:<\/p>\n\n\n\n<p><strong>Donnerstag 29.Januar. um 19 Uhr im B\u00fcrgersaal<\/strong>&nbsp;<\/p>\n\n\n\n<p>Vortrag von Michael Selinger von Michels Kleinsthof<\/p>\n\n\n\n<p>__________________________________________________________<\/p>\n\n\n\n<p><strong>Gestalten mit Rebholz:<\/strong><\/p>\n\n\n\n<figure class=\"wp-block-image size-full is-resized\"><a href=\"https:\/\/landfrauenverein-merdingen.de\/wp-content\/uploads\/2020\/02\/Rebholz-3-rotated.jpeg\"><img loading=\"lazy\" decoding=\"async\" width=\"640\" height=\"480\" src=\"https:\/\/landfrauenverein-merdingen.de\/wp-content\/uploads\/2020\/02\/Rebholz-3-rotated.jpeg\" alt=\"\" class=\"wp-image-2222\" style=\"aspect-ratio:1.323821716133814;width:140px;height:auto\" srcset=\"https:\/\/landfrauenverein-merdingen.de\/wp-content\/uploads\/2020\/02\/Rebholz-3-rotated.jpeg 640w, https:\/\/landfrauenverein-merdingen.de\/wp-content\/uploads\/2020\/02\/Rebholz-3-300x225.jpeg 300w, https:\/\/landfrauenverein-merdingen.de\/wp-content\/uploads\/2020\/02\/Rebholz-3-400x300.jpeg 400w\" sizes=\"auto, (max-width: 640px) 100vw, 640px\" \/><\/a><\/figure>\n\n\n\n<p>Am&nbsp;<strong>Samstag ab 9 Uhr im Technikraum der Hermann-Brommer-Schule<\/strong>, Dauer ca. 4 Stunden.&nbsp;<\/p>\n\n\n\n<p>Wir gestalten aus Rebholz Herzen, Kugeln, K\u00f6rbe, Kr\u00e4nze&#8230;.Mitzubringen sind: Eine Rebschere und wer hat einen R\u00f6dler, \u00d6sendraht und Rebholz wird gestellt.<\/p>\n\n\n\n<p>:::::::::::::::::::::::::::::::::::::::::::::::::::::::::::::::::::::::::::::::::::::::::::::::::::::::::::::::::::::::::::::::::::::::::<\/p>\n\n\n\n<p>2025<\/p>\n\n\n\n<p><strong>Am Dienstag, 9. Dezember 2025 um 19 Uhr<\/strong> findet im Gruppenraum in<\/p>\n\n\n\n<p>der alten Schule unser Strick- und H\u00e4keltreff statt.<\/p>\n\n\n\n<p>Einfach vorbeikommen, eigenes Material mitbringen und los legen.<\/p>\n\n\n\n<p><strong>Weihnachtsfeier 2025<\/strong><\/p>\n\n\n\n<p>Ein bischen Besinnlichkeit, gemeinsam essen, trinken, spielen und sich zum Ende des Jahres noch einmal treffen.&nbsp;<\/p>\n\n\n\n<p>Am&nbsp;<strong>Dienstag, 2. Dezember 2025<\/strong>&nbsp;<strong>um 18.30 Uhr&nbsp;<\/strong>findet im B\u00fcrgersaal unsere diesj\u00e4hrige Weihnachtsfeier statt. F\u00fcr das leibliche Wohl ist gesorgt.&nbsp;<\/p>\n\n\n\n<p>Damit wir nicht zu viel Zeit mit absp\u00fclen verbringen wollen, bringt bitte Teller und Besteck mit.&nbsp;<\/p>\n\n\n\n<p>_________________________________________________________________________<\/p>\n\n\n\n<p>Am&nbsp;<strong>Donnerstag, 23. Oktober 2025 ab 18 Uhr<\/strong>&nbsp;veranstalten wir im Hof der alten Schule ein Festle.&nbsp;(bei schlechtem Wetter sind wir in unseren R\u00e4umlichkeiten).<\/p>\n\n\n\n<p>Nach einem erfolgreichen, aber auch arbeitsintensiven Weinfest m\u00f6chten wir mit euch ansto\u00dfen &#8211; ganz entspannt und in gem\u00fctlicher Runde.<\/p>\n\n\n\n<p>Ab 18 Uhr laden wir euch herzlich in den Hof der alten Schule ein;<\/p>\n\n\n\n<p>Mit Feuerschalen, Kerzenlicht, K\u00fcrbissuppe und ein Gl\u00e4schen Aperol (je nach Temperatur hei\u00df oder kalt)  feiern wir den Herbst und vor allem: Uns!<\/p>\n\n\n\n<p>Wir freuen uns unsere langj\u00e4hrigen Mitglieder wiederzusehen- und besonders darauf, die vielen neuen Gesichter, die seit dem Gassenweinfest 2023 dazugekommen sind (ganze 40 neue Mitglieder!) willkommen zu hei\u00dfen.<\/p>\n\n\n\n<p>Besonders w\u00fcrden wir uns freuen, wenn auch die M\u00e4nner, die uns beim Auf- und Abbau des Weinfests so tatkr\u00e4ftig unterst\u00fctzt haben an diesem Abend mit uns feiern w\u00fcrden.<\/p>\n\n\n\n<p>Kommt vorbei &#8211; zum Genie\u00dfen, Austauschen und Kennenlernen!<\/p>\n\n\n\n<p>________________________________________________________________________<\/p>\n\n\n\n<p><strong>Am Dienstag, 28.10.2025, 19:00 Uhr  findet unser Strick- und H\u00e4keltreff statt.<\/strong> Wir beginnen jeweils um 19 Uhr im Gruppenraum in der alten Schule.<\/p>\n\n\n\n<p>Ohne Voranmeldung, einfach vorbei kommen. Bring dein Material mit und leg los.<\/p>\n\n\n\n<p>_________________________________________________________________________<\/p>\n\n\n\n<p><strong>Adventskalender basteln , Anmeldung bis 01.11.2025<\/strong><\/p>\n\n\n\n<p>Nach dem sehr sch\u00f6nen Adventskalender vom letzten Jahr wollen wir auch dieses Jahr eine Adventskalender-Mitmachaktion f\u00fcr Frauen anbieten.<\/p>\n\n\n\n<p>Und so geht\u2019s:  Melde dich bis zum 1.11.25 per E-Mail info@landfrauenverein-merdingen.de oder telefonisch bei Sigrid an.<\/p>\n\n\n\n<p>Du bekommst dann eine Zahl zugeordnet.Bastle\/besorge 24 gleiche P\u00e4ckchen. Wichtig: Schreibe auf jedes P\u00e4ckchen deine dir zugeordnete Zahl. Gib deine P\u00e4ckchen am Donnerstag, 20.11. 16 bis 18 Uhr in der alten Schule im Gruppenraum der LandFrauen ab.      <\/p>\n\n\n\n<p>Am Donnerstag, 27.11. von 16-18 Uhr kannst du deinen kompletten Adventskalender mit 24 kleinen \u00dcberraschungen mitnehmen.<\/p>\n\n\n\n<p>Deiner Kreativit\u00e4t sind keine Grenzen gesetzt. Gerne etwas Selbsthergestelltes, ein Gedicht, ein Gedanke, eine Geschichte oder eine andere nette Kleinigkeit. So entsteht f\u00fcr jede Frau, die mitmacht ein Adventskalender. Wir freuen uns \u00fcber viele Mitmachende.<\/p>\n\n\n\n<p class=\"has-text-color has-link-color has-medium-font-size wp-elements-57e5bc5a51b78208edf1d1647e222a4f\" style=\"color:#fa0505f7\">_______________________________________________________<\/p>\n\n\n\n<p style=\"font-size:15px\"><\/p>\n\n\n\n<figure class=\"wp-block-gallery has-nested-images columns-default is-cropped wp-block-gallery-1 is-layout-flex wp-block-gallery-is-layout-flex\"><\/figure>\n\n\n\n<figure class=\"wp-block-gallery has-nested-images columns-default is-cropped wp-block-gallery-2 is-layout-flex wp-block-gallery-is-layout-flex\"><\/figure>\n\n\n\n<figure class=\"wp-block-image size-large\"><img loading=\"lazy\" decoding=\"async\" width=\"630\" height=\"560\" src=\"https:\/\/landfrauenverein-merdingen.de\/wp-content\/uploads\/2018\/11\/Voratandsteam-2018.png\" alt=\"\" class=\"wp-image-1761\" srcset=\"https:\/\/landfrauenverein-merdingen.de\/wp-content\/uploads\/2018\/11\/Voratandsteam-2018.png 630w, https:\/\/landfrauenverein-merdingen.de\/wp-content\/uploads\/2018\/11\/Voratandsteam-2018-300x267.png 300w, https:\/\/landfrauenverein-merdingen.de\/wp-content\/uploads\/2018\/11\/Voratandsteam-2018-338x300.png 338w\" sizes=\"auto, (max-width: 630px) 100vw, 630px\" \/><\/figure>\n\n\n\n<h2 class=\"wp-block-heading has-text-color\" style=\"color:#a3000a\"><\/h2>\n","protected":false},"excerpt":{"rendered":"<p>Der LandFrauenverband S\u00fcdbaden bietet Online- Seminare, Kurse und Infos an. &nbsp; __________________________________________________________________ Termine und Informationen des Bezirks: https:\/\/www.landfrauen-bezirk-freiburg.de\/ ___________________________________________________________________ Termine der LandFrauen Merdingen Vortrag und Buchvorstellung Am Montag, 4. Mai 2026 um 19.30 Uhr im LandFrauenraum in der alten Schule, &hellip; <a href=\"https:\/\/landfrauenverein-merdingen.de\/?page_id=99\">Weiterlesen <span class=\"meta-nav\">&rarr;<\/span><\/a><\/p>\n","protected":false},"author":2,"featured_media":0,"parent":0,"menu_order":0,"comment_status":"closed","ping_status":"closed","template":"sidebar-page.php","meta":{"footnotes":""},"class_list":["post-99","page","type-page","status-publish","hentry"],"_links":{"self":[{"href":"https:\/\/landfrauenverein-merdingen.de\/index.php?rest_route=\/wp\/v2\/pages\/99","targetHints":{"allow":["GET"]}}],"collection":[{"href":"https:\/\/landfrauenverein-merdingen.de\/index.php?rest_route=\/wp\/v2\/pages"}],"about":[{"href":"https:\/\/landfrauenverein-merdingen.de\/index.php?rest_route=\/wp\/v2\/types\/page"}],"author":[{"embeddable":true,"href":"https:\/\/landfrauenverein-merdingen.de\/index.php?rest_route=\/wp\/v2\/users\/2"}],"replies":[{"embeddable":true,"href":"https:\/\/landfrauenverein-merdingen.de\/index.php?rest_route=%2Fwp%2Fv2%2Fcomments&post=99"}],"version-history":[{"count":313,"href":"https:\/\/landfrauenverein-merdingen.de\/index.php?rest_route=\/wp\/v2\/pages\/99\/revisions"}],"predecessor-version":[{"id":4166,"href":"https:\/\/landfrauenverein-merdingen.de\/index.php?rest_route=\/wp\/v2\/pages\/99\/revisions\/4166"}],"wp:attachment":[{"href":"https:\/\/landfrauenverein-merdingen.de\/index.php?rest_route=%2Fwp%2Fv2%2Fmedia&parent=99"}],"curies":[{"name":"wp","href":"https:\/\/api.w.org\/{rel}","templated":true}]}}