{"id":3276,"date":"2023-01-29T21:22:25","date_gmt":"2023-01-29T20:22:25","guid":{"rendered":"https:\/\/landfrauenverein-merdingen.de\/?page_id=3276"},"modified":"2025-03-14T13:54:32","modified_gmt":"2025-03-14T12:54:32","slug":"aktivitaeten-2022","status":"publish","type":"page","link":"https:\/\/landfrauenverein-merdingen.de\/?page_id=3276","title":{"rendered":"Aktivit\u00e4ten 2022"},"content":{"rendered":"\n<p class=\"has-text-color\" style=\"color:#f40a29\">Adventskaffee  am 8. Dezember 2022 um 15 Uhr im B\u00fcrgersaal<\/p>\n\n\n\n<figure class=\"wp-block-image size-full\"><a href=\"https:\/\/landfrauenverein-merdingen.de\/wp-content\/uploads\/2022\/12\/Weihnachtskaffee-08.12.2022.jpg\"><img loading=\"lazy\" decoding=\"async\" width=\"1024\" height=\"768\" src=\"https:\/\/landfrauenverein-merdingen.de\/wp-content\/uploads\/2022\/12\/Weihnachtskaffee-08.12.2022.jpg\" alt=\"\" class=\"wp-image-3235\" srcset=\"https:\/\/landfrauenverein-merdingen.de\/wp-content\/uploads\/2022\/12\/Weihnachtskaffee-08.12.2022.jpg 1024w, https:\/\/landfrauenverein-merdingen.de\/wp-content\/uploads\/2022\/12\/Weihnachtskaffee-08.12.2022-300x225.jpg 300w, https:\/\/landfrauenverein-merdingen.de\/wp-content\/uploads\/2022\/12\/Weihnachtskaffee-08.12.2022-768x576.jpg 768w, https:\/\/landfrauenverein-merdingen.de\/wp-content\/uploads\/2022\/12\/Weihnachtskaffee-08.12.2022-400x300.jpg 400w\" sizes=\"auto, (max-width: 1024px) 100vw, 1024px\" \/><\/a><\/figure>\n\n\n\n<p class=\"has-white-color has-text-color\"><\/p>\n\n\n\n<div class=\"wp-block-columns is-layout-flex wp-container-core-columns-is-layout-9d6595d7 wp-block-columns-is-layout-flex\">\n<div class=\"wp-block-column is-layout-flow wp-block-column-is-layout-flow\" style=\"flex-basis:100%\"><div class=\"wp-block-image\">\n<figure class=\"alignleft size-full\"><a href=\"https:\/\/landfrauenverein-merdingen.de\/wp-content\/uploads\/2022\/12\/Adventskaffee-2022-630.jpg\"><img loading=\"lazy\" decoding=\"async\" width=\"630\" height=\"397\" src=\"https:\/\/landfrauenverein-merdingen.de\/wp-content\/uploads\/2022\/12\/Adventskaffee-2022-630.jpg\" alt=\"\" class=\"wp-image-3159\" srcset=\"https:\/\/landfrauenverein-merdingen.de\/wp-content\/uploads\/2022\/12\/Adventskaffee-2022-630.jpg 630w, https:\/\/landfrauenverein-merdingen.de\/wp-content\/uploads\/2022\/12\/Adventskaffee-2022-630-300x189.jpg 300w, https:\/\/landfrauenverein-merdingen.de\/wp-content\/uploads\/2022\/12\/Adventskaffee-2022-630-476x300.jpg 476w\" sizes=\"auto, (max-width: 630px) 100vw, 630px\" \/><\/a><figcaption class=\"wp-element-caption\"><strong><em>Adventskaffee, besinnlich, heiter <\/em><\/strong><\/figcaption><\/figure>\n<\/div><\/div>\n<\/div>\n\n\n\n<h2 class=\"has-text-color wp-block-heading\" style=\"color:#d11939\">ASV Wintermarkt am 03.12.2022 ab 15 Uhr in der Zehntscheune<\/h2>\n\n\n\n<p>Die Landfrauen waren mit dabei<\/p>\n\n\n\n<figure class=\"wp-block-image size-full\"><a href=\"https:\/\/landfrauenverein-merdingen.de\/wp-content\/uploads\/2022\/12\/Wintermarkt-22-1.jpg\"><img loading=\"lazy\" decoding=\"async\" width=\"630\" height=\"517\" src=\"https:\/\/landfrauenverein-merdingen.de\/wp-content\/uploads\/2022\/12\/Wintermarkt-22-1.jpg\" alt=\"\" class=\"wp-image-3130\" srcset=\"https:\/\/landfrauenverein-merdingen.de\/wp-content\/uploads\/2022\/12\/Wintermarkt-22-1.jpg 630w, https:\/\/landfrauenverein-merdingen.de\/wp-content\/uploads\/2022\/12\/Wintermarkt-22-1-300x246.jpg 300w, https:\/\/landfrauenverein-merdingen.de\/wp-content\/uploads\/2022\/12\/Wintermarkt-22-1-366x300.jpg 366w\" sizes=\"auto, (max-width: 630px) 100vw, 630px\" \/><\/a><\/figure>\n\n\n\n<p>Die Landfrauen  haben selbstgebackene Baselm\u00e4nner, Brot und Lumumba angeboten.<\/p>\n\n\n\n<h2 class=\"has-text-color wp-block-heading\" style=\"color:#d11933\">&#8222;<strong>Merdingen bl\u00fcht auf 2022\/23\u201c<\/strong><\/h2>\n\n\n\n<figure class=\"wp-block-image size-full\"><a href=\"https:\/\/landfrauenverein-merdingen.de\/wp-content\/uploads\/2022\/05\/Narzissen-150.jpg\"><img loading=\"lazy\" decoding=\"async\" width=\"150\" height=\"130\" src=\"https:\/\/landfrauenverein-merdingen.de\/wp-content\/uploads\/2022\/05\/Narzissen-150.jpg\" alt=\"\" class=\"wp-image-2859\"\/><\/a><\/figure>\n\n\n\n<p>Blumenzwiebeln einpflanzen am Freitag, 18.11.2022 um 14 Uhr <\/p>\n\n\n\n<p>&nbsp;Auch in diesem Herbst wurden wieder mit Hilfe der Landfrauen, die im Fr\u00fchjahr gesammelten Blumenzwiebeln in die Erde gebracht um unsere Gemarkung im Fr\u00fchjahr wieder aufbl\u00fchen zu lassen.<\/p>\n\n\n\n<p>Initiatorinnen sind Ilona Sch\u00e4chtele, Sigrid Schnurr und Alexandra Nothstein<\/p>\n\n\n\n<p class=\"has-text-color\" style=\"color:#d11927\"><strong>Jahreshauptversammlung des LandFrauen Bezirkes am 6. November 2022 in FR-Tiengen<\/strong><\/p>\n\n\n\n<p>1. Programmpunkt war der Sonntags-impuls zum Thema Frieden von Landvolkpfarrer Peter Schock den Sie <a href=\"https:\/\/landfrauenverein-merdingen.de\/?p=3046\" data-type=\"post\" data-id=\"3046\">hier  nachlesen k\u00f6nnen.<\/a><\/p>\n\n\n\n<p>Auszug aus dem Bericht der Internetseite des LandFrauen Bezirks Freiburg:<\/p>\n\n\n\n<p>Es standen einige Ver\u00e4nderungen im Vorstand an, die Kassiererin Trudel Gugel stellt sich nach 24 Jahren nicht mehr zur Wahl, ebenso k\u00fcndete die stellvertretende Bezirksvorsitzende Kathrin Leininger nach 21 Jahren ihren R\u00fcckzug aus dem Vorstand an. Brigitta Klemmer von der Gesch\u00e4ftsstelle leitete souver\u00e4n die Wahl mit folgendem Ergebnis:<\/p>\n\n\n\n<p>Zur 1. Bezirksvorsitzende wurde Christiane Wangler wiedergew\u00e4hlt, als stellvertretende Bezirksvorsitzenden wurden Diana Rein wieder und Regina Engler neu ins Amt gew\u00e4hlt. Neue Schriftf\u00fchrerin wurde Ines Sch\u00f6llhorn, sie betreut auch den Instagram-Account des Bezirks und Nachfolgerin von Trudel Gugel wurde Tanja Sch\u00e4chtele als neue Kassiererin. Beisitzerinnen sind Verena Ambs-Rudmann, Petra Rehm-Hug und Andrea Karle. Somit hat der Bezirk wieder ein Team aus motivierten Frauen an der Spitze.<\/p>\n\n\n\n<p>Den ganzen Bericht von Ines Sch\u00f6llhorn, sowie Bilder finden Sie unter folgendem Link:<\/p>\n\n\n\n<p><a href=\"https:\/\/www.landfrauen-bezirk-freiburg.de\/aktivit%C3%A4ten\/\">Jahreshauptversammlung des LandFrauen Bezirks Freiburg mit Neuwahlen und Verabschiedung &#8211; landfrauen-bezirk-freiburgs Webseite!<\/a><\/p>\n\n\n\n<p class=\"has-text-align-center\">___________________<\/p>\n\n\n\n<h2 class=\"has-text-color wp-block-heading\" style=\"color:#d11933\"><\/h2>\n\n\n\n<p class=\"has-text-color\" style=\"color:#d1191f\">&#8222;<strong>Z Liecht go&#8220;  am Montag, den 24. Oktober.<\/strong><\/p>\n\n\n\n<figure class=\"wp-block-image size-full is-resized\"><a href=\"https:\/\/landfrauenverein-merdingen.de\/wp-content\/uploads\/2022\/12\/Z-Liecht-go.jpg\"><img loading=\"lazy\" decoding=\"async\" src=\"https:\/\/landfrauenverein-merdingen.de\/wp-content\/uploads\/2022\/12\/Z-Liecht-go.jpg\" alt=\"\" class=\"wp-image-3082\" width=\"108\" height=\"152\" srcset=\"https:\/\/landfrauenverein-merdingen.de\/wp-content\/uploads\/2022\/12\/Z-Liecht-go.jpg 430w, https:\/\/landfrauenverein-merdingen.de\/wp-content\/uploads\/2022\/12\/Z-Liecht-go-212x300.jpg 212w\" sizes=\"auto, (max-width: 108px) 100vw, 108px\" \/><\/a><\/figure>\n\n\n\n<p>Beginn war um 18 Uhr im Gruppenraum der alten Schule.<\/p>\n\n\n\n<p>Einfach mal wieder treffen, gemeinsam vespern und sich austauschen war angesagt. Eine sch\u00f6ne  Anzahl Frauen hat sich eingefunden. Bei Kerzenschein, einem herbstlich gedeckten Tisch, knusprig frischem Brot und Leckereien die das Vorstandsteam  zubereitet hatte konnte man es sich gut gehen lassen. Ein Wohlf\u00fchlabend. <\/p>\n\n\n\n<figure class=\"wp-block-image size-large is-resized\"><a href=\"https:\/\/landfrauenverein-merdingen.de\/wp-content\/uploads\/2022\/12\/Lichtgang-Tisch-scaled.jpg\"><img decoding=\"async\" src=\"https:\/\/landfrauenverein-merdingen.de\/wp-content\/uploads\/2022\/12\/Lichtgang-Tisch-1024x632.jpg\" alt=\"\" class=\"wp-image-3085\" width=\"630\" srcset=\"https:\/\/landfrauenverein-merdingen.de\/wp-content\/uploads\/2022\/12\/Lichtgang-Tisch-1024x632.jpg 1024w, https:\/\/landfrauenverein-merdingen.de\/wp-content\/uploads\/2022\/12\/Lichtgang-Tisch-300x185.jpg 300w, https:\/\/landfrauenverein-merdingen.de\/wp-content\/uploads\/2022\/12\/Lichtgang-Tisch-768x474.jpg 768w, https:\/\/landfrauenverein-merdingen.de\/wp-content\/uploads\/2022\/12\/Lichtgang-Tisch-1536x948.jpg 1536w, https:\/\/landfrauenverein-merdingen.de\/wp-content\/uploads\/2022\/12\/Lichtgang-Tisch-2048x1264.jpg 2048w, https:\/\/landfrauenverein-merdingen.de\/wp-content\/uploads\/2022\/12\/Lichtgang-Tisch-486x300.jpg 486w\" sizes=\"(max-width: 1024px) 100vw, 1024px\" \/><\/a><\/figure>\n\n\n\n<p>Au\u00dferdem hat Sigrid den neuen Flyer, Termine und Planungen f\u00fcr dem kommenden Winter vorgestellt und herzlich dazu eingeladen. <\/p>\n\n\n<div class=\"wp-block-image\">\n<figure class=\"aligncenter size-full\"><a href=\"https:\/\/landfrauenverein-merdingen.de\/wp-content\/uploads\/2022\/12\/Sigrid.jpg\"><img loading=\"lazy\" decoding=\"async\" width=\"500\" height=\"301\" src=\"https:\/\/landfrauenverein-merdingen.de\/wp-content\/uploads\/2022\/12\/Sigrid.jpg\" alt=\"\" class=\"wp-image-3086\" srcset=\"https:\/\/landfrauenverein-merdingen.de\/wp-content\/uploads\/2022\/12\/Sigrid.jpg 500w, https:\/\/landfrauenverein-merdingen.de\/wp-content\/uploads\/2022\/12\/Sigrid-300x181.jpg 300w, https:\/\/landfrauenverein-merdingen.de\/wp-content\/uploads\/2022\/12\/Sigrid-498x300.jpg 498w\" sizes=\"auto, (max-width: 500px) 100vw, 500px\" \/><\/a><\/figure>\n<\/div>\n\n\n<p><\/p>\n\n\n\n<p class=\"has-text-color\" style=\"color:#d1191f\"><strong>Wanderung am 22.09 2022 zum Lilienhof<\/strong><\/p>\n\n\n\n<p>Am Sonntag, den 25.09. 2022 fand eine Wanderung mit den LandFrauen Merdingen an den Kaiserstuhl zum Lilienhof statt. <\/p>\n\n\n\n<p class=\"has-text-color\" style=\"color:#db1f38\"><strong>Fahrt zur Landesgatenschau in Neuenburg am Donnerstag den 14. Juli 2022<\/strong><\/p>\n\n\n\n<p>Unter dem Motto:&#8220; <strong>Lust auf Zukunft &#8211; wir bl\u00fchen auf<\/strong>&#8220; starteten die Teinehmerinnen um 9 Uhr um zusammen mit den Ihringer LandFrauen die Landesgartenschau zu erkunden und an den Angeboten der S\u00fcdbadischen LandFrauen teilzunehmen.<\/p>\n\n\n\n<p class=\"has-text-color\" style=\"color:#d11926\"><strong>Generalversammlung 2022&nbsp; <\/strong>am Donnerstag, 30. Juni 2022 um 19 Uhr im Wed\u00e4wit<\/p>\n\n\n\n<figure class=\"wp-block-image size-full\"><a href=\"https:\/\/landfrauenverein-merdingen.de\/wp-content\/uploads\/2022\/07\/Generalvers.-BM-2.jpg-2.jpg\"><img loading=\"lazy\" decoding=\"async\" width=\"630\" height=\"229\" src=\"https:\/\/landfrauenverein-merdingen.de\/wp-content\/uploads\/2022\/07\/Generalvers.-BM-2.jpg-2.jpg\" alt=\"\" class=\"wp-image-2957\" srcset=\"https:\/\/landfrauenverein-merdingen.de\/wp-content\/uploads\/2022\/07\/Generalvers.-BM-2.jpg-2.jpg 630w, https:\/\/landfrauenverein-merdingen.de\/wp-content\/uploads\/2022\/07\/Generalvers.-BM-2.jpg-2-300x109.jpg 300w, https:\/\/landfrauenverein-merdingen.de\/wp-content\/uploads\/2022\/07\/Generalvers.-BM-2.jpg-2-500x182.jpg 500w\" sizes=\"auto, (max-width: 630px) 100vw, 630px\" \/><\/a><figcaption class=\"wp-element-caption\">B\u00fcrgermeister Martin Rupp richtete Gru\u00dfworte an die Versammlung und nahm die Entlastung des Vorstandes vor<\/figcaption><\/figure>\n\n\n\n<figure class=\"wp-block-image size-full\"><a href=\"https:\/\/landfrauenverein-merdingen.de\/wp-content\/uploads\/2022\/07\/Generalversammlug-Bezirksvorsitzende.jpg2_.jpg\"><img loading=\"lazy\" decoding=\"async\" width=\"630\" height=\"269\" src=\"https:\/\/landfrauenverein-merdingen.de\/wp-content\/uploads\/2022\/07\/Generalversammlug-Bezirksvorsitzende.jpg2_.jpg\" alt=\"\" class=\"wp-image-2958\" srcset=\"https:\/\/landfrauenverein-merdingen.de\/wp-content\/uploads\/2022\/07\/Generalversammlug-Bezirksvorsitzende.jpg2_.jpg 630w, https:\/\/landfrauenverein-merdingen.de\/wp-content\/uploads\/2022\/07\/Generalversammlug-Bezirksvorsitzende.jpg2_-300x128.jpg 300w, https:\/\/landfrauenverein-merdingen.de\/wp-content\/uploads\/2022\/07\/Generalversammlug-Bezirksvorsitzende.jpg2_-500x213.jpg 500w\" sizes=\"auto, (max-width: 630px) 100vw, 630px\" \/><\/a><figcaption class=\"wp-element-caption\">LandFrauen Bezirksvorsitzende Christine Wangler leitete die Wahl <\/figcaption><\/figure>\n\n\n\n<p><strong>Neuwahl des Vorstandteams<\/strong><\/p>\n\n\n\n<p>&nbsp;Alle drei Jahre wird das Vorstandsteam der LandFrauen Merdingen gew\u00e4hlt. Dieses setzt sich jetzt wie folgt zusammen:<\/p>\n\n\n\n<p>&nbsp;Vorsitzende f\u00fcr \u00d6ffentlichkeitsarbeit und Vereinssprecherin: Sigrid Schnurr<\/p>\n\n\n\n<p>&nbsp;Vorsitzende f\u00fcr Veranstaltungen: Ilona Sch\u00e4chtele<\/p>\n\n\n\n<p>Vorsitzende f\u00fcr Finanzen: Grudrun Tr\u00f6ber (neu)<\/p>\n\n\n\n<p>Schriftf\u00fchrerin: Rebecca Geiger-Pohl<\/p>\n\n\n\n<p>Beisitzerinnen: Andrea Speicher, Britta Schmidt, Tanja Heckle, Veronika M\u00f6ssner und Kristina Jakobi (neu)<\/p>\n\n\n\n<p>Kassenpr\u00fcferinnen: Eleonore Hug und Iris Hofert<\/p>\n\n\n\n<p>Verabschiedet aus dem Vorstandsteam wurde Sabine Wirth. Sie war sechs Jahre als Beisitzerin und sechs Jahre als Vorsitzende Finanzen f\u00fcr die LandFrauen t\u00e4tig. Einen herzlichen Dank daf\u00fcr liebe Sabine!<\/p>\n\n\n\n<p>Einen weiteren Dank auch f\u00fcr das ganze bisherige Vorstandsteam f\u00fcr Ihre hervorragende T\u00e4tigkeiten und Ihr Engagemen! Die Mitglieder bedanken sich und w\u00fcnschen der neu gew\u00e4hlten Vorstandschaft f\u00fcr die n\u00e4chsten 3 Jahre viel Erfolg, Freude und gute Zusammenarbeit. Es macht Spa\u00df mit Euch.<\/p>\n\n\n\n<figure class=\"wp-block-image size-full\"><a href=\"https:\/\/landfrauenverein-merdingen.de\/wp-content\/uploads\/2022\/07\/IGeneralversammlung-Ehrungen-1.jpg2_-1.jpg\"><img loading=\"lazy\" decoding=\"async\" width=\"630\" height=\"406\" src=\"https:\/\/landfrauenverein-merdingen.de\/wp-content\/uploads\/2022\/07\/IGeneralversammlung-Ehrungen-1.jpg2_-1.jpg\" alt=\"\" class=\"wp-image-2959\" srcset=\"https:\/\/landfrauenverein-merdingen.de\/wp-content\/uploads\/2022\/07\/IGeneralversammlung-Ehrungen-1.jpg2_-1.jpg 630w, https:\/\/landfrauenverein-merdingen.de\/wp-content\/uploads\/2022\/07\/IGeneralversammlung-Ehrungen-1.jpg2_-1-300x193.jpg 300w, https:\/\/landfrauenverein-merdingen.de\/wp-content\/uploads\/2022\/07\/IGeneralversammlung-Ehrungen-1.jpg2_-1-466x300.jpg 466w\" sizes=\"auto, (max-width: 630px) 100vw, 630px\" \/><\/a><figcaption class=\"wp-element-caption\">Sigrid und Ilona nahmen die Ehrungen f\u00fcr 20 Jahre Mitgliedschaft vor.<br><br> <\/figcaption><\/figure>\n\n\n<p class=\"has-text-color\"><strong><span style=\"color: #d11926;\">Erdbeer- und Weintage der Landjugend Merdingen zu deren 100 j\u00e4hrigem Jubil\u00e4um<\/span><\/strong><span style=\"color: #d11926;\"> <strong>am 28. und 29.Mai 2022<\/strong> <\/span><\/p>\n<p><!-- \/wp:post-content --><!-- wp:paragraph --><\/p>\n<p>Am Sonntagmittag 29.5., ab ca. 13 Uhr, gab es bei der Winzerhalle Kaffee-<br>und Kuchen der LandFrauen Merdingen. Daf\u00fcr war die Mithilfe sowie die Unterst\u00fctzung<br>der LandFrauen-Helferinnen und Kuchenb\u00e4cker\/innen gefragt. Danke an Alle!<\/p>\n<p><!-- \/wp:paragraph --><!-- wp:paragraph --><\/p>\n<p>Bei herrlichstem Festwetter war es eine gelungene Festveranstaltung.<\/p>\n<p><!-- \/wp:paragraph --><\/p>\n<p class=\"MsoNormal\">\n<\/p><p class=\"MsoNormal\" style=\"mso-margin-top-alt: auto; mso-margin-bottom-alt: auto; line-height: normal;\"><b><span style=\"font-size: 12.0pt; font-family: 'Times New Roman',serif; mso-fareast-font-family: 'Times New Roman'; color: #d1193f; mso-fareast-language: DE;\">Maiandacht am 22.Mai 2022<\/span><\/b><\/p>\n<p class=\"MsoNormal\" style=\"mso-margin-top-alt: auto; mso-margin-bottom-alt: auto; line-height: normal;\"><span style=\"font-size: 12.0pt; font-family: 'Times New Roman',serif; mso-fareast-font-family: 'Times New Roman'; mso-fareast-language: DE;\">Zum ersten<br>Mal nach 2 Jahren hat die Trachtengruppe wieder einen Auftritt. Am 22.Mai sang<br>sie zu Ehren der Mutter Gottes in der Maiandacht 4 sch\u00f6ne alte Marienlieder.<\/span><\/p>\n<p class=\"MsoNormal\" style=\"margin-bottom: 0cm; line-height: normal;\"><a href=\"https:\/\/landfrauenverein-merdingen.de\/wp-content\/uploads\/2022\/06\/Maiandacht-scaled.jpg\"><img loading=\"lazy\" decoding=\"async\" class=\"alignnone size-full wp-image-2871\" src=\"https:\/\/landfrauenverein-merdingen.de\/wp-content\/uploads\/2022\/06\/Maiandacht-scaled.jpg\" alt=\"\" width=\"2560\" height=\"2072\" srcset=\"https:\/\/landfrauenverein-merdingen.de\/wp-content\/uploads\/2022\/06\/Maiandacht-scaled.jpg 2560w, https:\/\/landfrauenverein-merdingen.de\/wp-content\/uploads\/2022\/06\/Maiandacht-300x243.jpg 300w, https:\/\/landfrauenverein-merdingen.de\/wp-content\/uploads\/2022\/06\/Maiandacht-1024x829.jpg 1024w, https:\/\/landfrauenverein-merdingen.de\/wp-content\/uploads\/2022\/06\/Maiandacht-768x622.jpg 768w, https:\/\/landfrauenverein-merdingen.de\/wp-content\/uploads\/2022\/06\/Maiandacht-1536x1243.jpg 1536w, https:\/\/landfrauenverein-merdingen.de\/wp-content\/uploads\/2022\/06\/Maiandacht-2048x1658.jpg 2048w, https:\/\/landfrauenverein-merdingen.de\/wp-content\/uploads\/2022\/06\/Maiandacht-371x300.jpg 371w\" sizes=\"auto, (max-width: 2560px) 100vw, 2560px\" \/><\/a><\/p>\n<p class=\"MsoNormal\" style=\"mso-margin-top-alt: auto; mso-margin-bottom-alt: auto; line-height: normal;\"><span style=\"font-size: 12.0pt; font-family: 'Times New Roman',serif; mso-fareast-font-family: 'Times New Roman'; mso-fareast-language: DE;\">Nach demGottesdienst entstand dieses Bild<\/span><\/p>\n<p class=\"MsoNormal\" style=\"mso-margin-top-alt: auto; mso-margin-bottom-alt: auto; line-height: normal;\"><span style=\"font-size: 12.0pt; font-family: 'Times New Roman',serif; mso-fareast-font-family: 'Times New Roman'; mso-fareast-language: DE;\">&nbsp;<\/span><\/p>\n<p class=\"MsoNormal\" style=\"mso-margin-top-alt: auto; mso-margin-bottom-alt: auto; line-height: normal;\"><b><span style=\"font-size: 12.0pt; font-family: 'Times New Roman',serif; mso-fareast-font-family: 'Times New Roman'; color: #e80101; mso-fareast-language: DE;\">BezirksLandFrauentag, <\/span><\/b><span style=\"font-size: 12.0pt; font-family: 'Times New Roman',serif; mso-fareast-font-family: 'Times New Roman'; color: #e80101; mso-fareast-language: DE;\">am Samstag, 7. Mai 2022 in Ehrenkirchen <\/span><\/p>\n<p class=\"MsoNormal\" style=\"mso-margin-top-alt: auto; mso-margin-bottom-alt: auto; line-height: normal;\"><span style=\"font-size: 12.0pt; font-family: 'Times New Roman',serif; mso-fareast-font-family: 'Times New Roman'; mso-fareast-language: DE;\">Einlass war<br>um 13 Uhr, die Veranstaltung begann um 14.30 Uhr. Es gab Gru\u00dfworte von<br>Christiane Wangler, unserer Bezirksvorsitzenden, der Landr\u00e4tin Dorothea<br>St\u00f6rr-Ritter und unserer Pr\u00e4sidentin Rosa Karcher.<\/span><\/p>\n<p class=\"MsoNormal\" style=\"mso-margin-top-alt: auto; mso-margin-bottom-alt: auto; line-height: normal;\"><span style=\"font-size: 12.0pt; font-family: 'Times New Roman',serif; mso-fareast-font-family: 'Times New Roman'; mso-fareast-language: DE;\">Au\u00dferdem gab<br>es musikalische Beitr\u00e4ge, R\u00fcckblick auf 50 Jahre LandFrauen Bezirk Freiburg<br>sowie Kaffee &amp; Kuchen und Sekt. Wir haben mit einigen Frauen an dieser<br>interessanten Veranstaltung teilgenommen.<\/span><\/p>\n<p class=\"MsoNormal\" style=\"mso-margin-top-alt: auto; mso-margin-bottom-alt: auto; line-height: normal;\"><b><span style=\"font-size: 12.0pt; font-family: 'Times New Roman',serif; mso-fareast-font-family: 'Times New Roman'; color: #de0202; mso-fareast-language: DE;\">Merdingen bl\u00fcht auf!<\/span><\/b><\/p>\n<p class=\"MsoNormal\" style=\"margin-bottom: 0cm; line-height: normal;\"><a href=\"https:\/\/landfrauenverein-merdingen.de\/wp-content\/uploads\/2022\/05\/Narzissen-150.jpg\"><img loading=\"lazy\" decoding=\"async\" class=\"alignnone size-full wp-image-2859\" src=\"https:\/\/landfrauenverein-merdingen.de\/wp-content\/uploads\/2022\/05\/Narzissen-150.jpg\" alt=\"\" width=\"150\" height=\"130\"><\/a><\/p>\n<p class=\"MsoNormal\" style=\"mso-margin-top-alt: auto; mso-margin-bottom-alt: auto; line-height: normal;\"><span style=\"font-size: 12.0pt; font-family: 'Times New Roman',serif; mso-fareast-font-family: 'Times New Roman'; mso-fareast-language: DE;\">Nach dem<br>Erfolg im vergangenen Jahr w\u00fcrden wir die Sammelaktion in diesem Jahr gerne<br>wieder starten. Viele haben sich schon Fr\u00fchlingsboten wie Tulpen, Osterglocken<br>etc. ins Haus geholt. Sind diese verbl\u00fcht, muss man sie nicht wegwerfen. Wir<br>w\u00fcrden sie gerne sammeln und im kommenden Herbst an geeigneter Stelle pflanzen<br>, so dass sie im n\u00e4chsten Fr\u00fchling Merdingen noch ein bisschen bunter machen.<br>Sammelbeh\u00e4lter stehen ab dem 16.04. an der alten Schule, bei Vroni M\u00f6ssner, Kirchgasse<br>57 und bei der Landjugend in der Rittgasse (um die Ecke, unter dem Dach). Bitte<br>die noch gr\u00fcnen Pflanzenteile nicht abschneiden, einfach so in die<br>Sammelbeh\u00e4lter geben.<\/span><\/p>\n<p class=\"MsoNormal\" style=\"mso-margin-top-alt: auto; mso-margin-bottom-alt: auto; line-height: normal;\"><b><span style=\"font-size: 12.0pt; font-family: 'Times New Roman',serif; mso-fareast-font-family: 'Times New Roman'; color: #dd0202; mso-fareast-language: DE;\">Dankesch\u00f6n<\/span><\/b><\/p>\n<p class=\"MsoNormal\" style=\"mso-margin-top-alt: auto; mso-margin-bottom-alt: auto; line-height: normal;\"><span style=\"mso-no-proof: yes;\"><a href=\"https:\/\/landfrauenverein-merdingen.de\/wp-content\/uploads\/2022\/04\/Kuchenspenden.jpg\"><img loading=\"lazy\" decoding=\"async\" class=\"alignnone wp-image-2835 size-medium\" src=\"https:\/\/landfrauenverein-merdingen.de\/wp-content\/uploads\/2022\/04\/Kuchenspenden-290x300.jpg\" alt=\"\" width=\"290\" height=\"300\" srcset=\"https:\/\/landfrauenverein-merdingen.de\/wp-content\/uploads\/2022\/04\/Kuchenspenden-290x300.jpg 290w, https:\/\/landfrauenverein-merdingen.de\/wp-content\/uploads\/2022\/04\/Kuchenspenden.jpg 632w\" sizes=\"auto, (max-width: 290px) 100vw, 290px\" \/><\/a><br><!--[endif]--><\/span><\/p>\n<p class=\"has-text-color\"><strong><span style=\"color: #d11926;\">&nbsp;<\/span><\/strong><\/p>\n<p class=\"has-text-color\"><strong><span style=\"color: #d11926;\">Am Palmsonntag<\/span><\/strong><span style=\"color: #d11926;\"> <strong>10. April 2022<\/strong> f\u00fcr die ukrainischen Fl\u00fcchtlinge<\/span><\/p>\n<p><!-- \/wp:paragraph --><!-- wp:paragraph --><\/p>\n<p>Am Palmsonntag nach dem Gottesdienst um 11.30 Uhr wurden Kuchen der<br>Landfrauen und des Gemeindeteams auf dem Kirchplatz gegen eine Spende f\u00fcr die<br>ukrainischen Fl\u00fcchtlinge angeboten.<\/p>\n<p><!-- \/wp:paragraph --><!-- wp:paragraph --><\/p>\n<p class=\"has-text-color\"><strong><span style=\"color: #d11938;\"><!-- \/wp:paragraph --><!-- wp:paragraph {\"style\":{\"color\":{\"text\":\"#d11938\"}}} -->LandFrauen-Spende f\u00fcr Ukrainische Fl\u00fcchtlinge <\/span><\/strong><\/p>\n<p><!-- \/wp:paragraph --><!-- wp:paragraph {\"textColor\":\"black\"} --><\/p>\n<p class=\"has-black-color\">Die Einnahmen und Spenden in H\u00f6he von 300\u20ac der<br>Veranstaltung zum Weltfrauentag, wollen wir den Ukrainischen Fl\u00fcchtlingen die<br>in Merdingen Schutz suchen, zugute kommen lassen. Vielen Dank den Besuchern und<br>Helfern des wirklich sch\u00f6nen Abends! Das Vorstandsteam der LandFrauen Merdingen<\/p>\n<p><!-- \/wp:paragraph --><!-- wp:paragraph {\"style\":{\"color\":{\"text\":\"#d11938\"}}} --><\/p>\n<p class=\"has-text-color\"><em><b><span style=\"color: #d11938;\">Weltfrauentag 2022<\/span><\/b><\/em><\/p>\n<p><!-- \/wp:paragraph --><!-- wp:paragraph --><\/p>\n<p>Anl\u00e4sslich des Weltfrauentags (8. M\u00e4rz) haben wir am Freitag den 11. M\u00e4rz ab<br>18 Uhr bei der Alte Schule gefeiert. Motto: Lasst uns gegenseitig zeigen, wie<br>sch\u00f6n das Leben sein kann.<\/p>\n<p><!-- \/wp:paragraph --><!-- wp:paragraph --><\/p>\n<p>Wir feierten mit feinen Kleinigkeiten im alten Schulhof.<\/p>\n<p><!-- \/wp:paragraph --><!-- wp:paragraph --><\/p>\n<p>Eingeladen waren alle -Mitglieder -Nichtmitglieder -K\u00fcnftige Mitglieder<br>-Wunderfitzige &#8230;..und alle Anderen.<\/p>\n<p><!-- \/wp:paragraph --><!-- wp:paragraph --><\/p>\n<p>PS: Der Erl\u00f6s der Feier wird der \u201eNotfallhilfe Ukraine gespendet\u201c<\/p>\n<p class=\"MsoNormal\" style=\"mso-margin-top-alt: auto; mso-margin-bottom-alt: auto; line-height: normal;\">\n<\/p><p><span style=\"color: #ff0011;\"><strong>Stressfrei kochen nach der Arbeit 8. M\u00e4rz 2022<\/strong><\/span><\/p>\n<p class=\"MsoNormal\" style=\"mso-margin-top-alt: auto; mso-margin-bottom-alt: auto; line-height: normal;\"><span style=\"font-size: 12.0pt; font-family: 'Times New Roman',serif; mso-fareast-font-family: 'Times New Roman'; mso-fareast-language: DE;\">Mit wenigen Zutaten und einigen<br>Tricks, die Zeit und Geld sparen, ein leckeres Essen zaubern &#8211; wer m\u00f6chte das<br>nicht?<\/span><\/p>\n<p class=\"MsoNormal\" style=\"mso-margin-top-alt: auto; mso-margin-bottom-alt: auto; line-height: normal;\"><span style=\"font-size: 12.0pt; font-family: 'Times New Roman',serif; mso-fareast-font-family: 'Times New Roman'; mso-fareast-language: DE;\">Praktische<br>Beispiele gab es am Dienstag, den 8. M\u00e4rz 2022 von 18 bis 21 Uhr in<br>Breisach im Forum ern\u00e4hren, bewegen mit der Referentin Hannelore Green<\/span><\/p>\n<p class=\"MsoNormal\" style=\"mso-margin-top-alt: auto; mso-margin-bottom-alt: auto; line-height: normal;\"><span style=\"font-size: 12.0pt; font-family: 'Times New Roman',serif; mso-fareast-font-family: 'Times New Roman'; mso-fareast-language: DE;\">&nbsp;<\/span><\/p>\n<p class=\"MsoNormal\" style=\"mso-margin-top-alt: auto; mso-margin-bottom-alt: auto; line-height: normal;\"><b><span style=\"font-size: 12.0pt; font-family: 'Times New Roman',serif; mso-fareast-font-family: 'Times New Roman'; color: #c00000; mso-fareast-language: DE;\">Mit Rebholz gestalten<\/span><\/b><span style=\"font-size: 12.0pt; font-family: 'Times New Roman',serif; mso-fareast-font-family: 'Times New Roman'; color: #c00000; mso-fareast-language: DE;\"> <b>am Samstag, 19. Februar 2022<\/b> <\/span><span style=\"font-size: 12.0pt; font-family: 'Times New Roman',serif; mso-fareast-font-family: 'Times New Roman'; mso-fareast-language: DE;\">von 10 bis 13<br>Uhr.<\/span><\/p>\n<p class=\"MsoNormal\" style=\"mso-margin-top-alt: auto; mso-margin-bottom-alt: auto; line-height: normal;\"><span style=\"font-size: 12.0pt; font-family: 'Times New Roman',serif; mso-fareast-font-family: 'Times New Roman'; mso-fareast-language: DE;\">Gestaltet<br>wurden wie schon in den letzten Jahren, Herzen, Kugeln etc.<\/span><\/p>\n<p><!-- \/wp:paragraph --><\/p>\n<p class=\"MsoNormal\" style=\"mso-margin-top-alt: auto; mso-margin-bottom-alt: auto; line-height: normal;\"><span style=\"font-size: 12.0pt; font-family: 'Times New Roman',serif; mso-fareast-font-family: 'Times New Roman'; mso-fareast-language: DE;\">&nbsp;<\/span><\/p>\n<p class=\"MsoNormal\"><\/p>","protected":false},"excerpt":{"rendered":"<p>Adventskaffee am 8. Dezember 2022 um 15 Uhr im B\u00fcrgersaal ASV Wintermarkt am 03.12.2022 ab 15 Uhr in der Zehntscheune Die Landfrauen waren mit dabei Die Landfrauen haben selbstgebackene Baselm\u00e4nner, Brot und Lumumba angeboten. &#8222;Merdingen bl\u00fcht auf 2022\/23\u201c Blumenzwiebeln einpflanzen &hellip; <a href=\"https:\/\/landfrauenverein-merdingen.de\/?page_id=3276\">Weiterlesen <span class=\"meta-nav\">&rarr;<\/span><\/a><\/p>\n","protected":false},"author":3,"featured_media":0,"parent":2908,"menu_order":0,"comment_status":"closed","ping_status":"closed","template":"","meta":{"footnotes":""},"class_list":["post-3276","page","type-page","status-publish","hentry"],"_links":{"self":[{"href":"https:\/\/landfrauenverein-merdingen.de\/index.php?rest_route=\/wp\/v2\/pages\/3276","targetHints":{"allow":["GET"]}}],"collection":[{"href":"https:\/\/landfrauenverein-merdingen.de\/index.php?rest_route=\/wp\/v2\/pages"}],"about":[{"href":"https:\/\/landfrauenverein-merdingen.de\/index.php?rest_route=\/wp\/v2\/types\/page"}],"author":[{"embeddable":true,"href":"https:\/\/landfrauenverein-merdingen.de\/index.php?rest_route=\/wp\/v2\/users\/3"}],"replies":[{"embeddable":true,"href":"https:\/\/landfrauenverein-merdingen.de\/index.php?rest_route=%2Fwp%2Fv2%2Fcomments&post=3276"}],"version-history":[{"count":2,"href":"https:\/\/landfrauenverein-merdingen.de\/index.php?rest_route=\/wp\/v2\/pages\/3276\/revisions"}],"predecessor-version":[{"id":3278,"href":"https:\/\/landfrauenverein-merdingen.de\/index.php?rest_route=\/wp\/v2\/pages\/3276\/revisions\/3278"}],"up":[{"embeddable":true,"href":"https:\/\/landfrauenverein-merdingen.de\/index.php?rest_route=\/wp\/v2\/pages\/2908"}],"wp:attachment":[{"href":"https:\/\/landfrauenverein-merdingen.de\/index.php?rest_route=%2Fwp%2Fv2%2Fmedia&parent=3276"}],"curies":[{"name":"wp","href":"https:\/\/api.w.org\/{rel}","templated":true}]}}