{"id":2183,"date":"2020-01-27T17:32:07","date_gmt":"2020-01-27T16:32:07","guid":{"rendered":"http:\/\/landfrauenverein-merdingen.de\/?page_id=2183"},"modified":"2025-03-14T13:54:01","modified_gmt":"2025-03-14T12:54:01","slug":"aktivitaeten-2","status":"publish","type":"page","link":"https:\/\/landfrauenverein-merdingen.de\/?page_id=2183","title":{"rendered":"Aktivit\u00e4ten 2020"},"content":{"rendered":"\n<p><strong><span style=\"color:#a27001\" class=\"has-inline-color\">Frohe Weihnachten 2020<\/span><\/strong> <\/p>\n\n\n\n<p>Liebe Landfrauen,<\/p>\n\n\n\n<p>mit diesen kleinen Gaben m\u00f6chten wir Euch die Zutaten f\u00fcr eine gem\u00fctliche Weihnachtsstunde schenken.&nbsp;<\/p>\n\n\n\n<figure class=\"wp-block-image size-large\"><img loading=\"lazy\" decoding=\"async\" width=\"646\" height=\"370\" src=\"https:\/\/landfrauenverein-merdingen.de\/wp-content\/uploads\/2020\/12\/Weihnachten-2020-2.jpg\" alt=\"\" class=\"wp-image-2453\" srcset=\"https:\/\/landfrauenverein-merdingen.de\/wp-content\/uploads\/2020\/12\/Weihnachten-2020-2.jpg 646w, https:\/\/landfrauenverein-merdingen.de\/wp-content\/uploads\/2020\/12\/Weihnachten-2020-2-300x172.jpg 300w, https:\/\/landfrauenverein-merdingen.de\/wp-content\/uploads\/2020\/12\/Weihnachten-2020-2-500x286.jpg 500w\" sizes=\"auto, (max-width: 646px) 100vw, 646px\" \/><\/figure>\n\n\n\n<p>Gerade jetzt in dieser Zeit mit Corona, den ganzen Einschr\u00e4nkungen in denen auch unsere Treffen nicht m\u00f6glich sind, sind viele einsam. Versucht trotzdem, diese besonders ruhige Zeit zu genie\u00dfen!<\/p>\n\n\n\n<p>Nehmt Zeit f\u00fcr Euch, bleibt gesund!<\/p>\n\n\n\n<h2 class=\"wp-block-heading\"><mark style=\"background-color:rgba(0, 0, 0, 0);color:#a30027\" class=\"has-inline-color\">Duftender Gru\u00df<\/mark><\/h2>\n\n\n\n<figure class=\"wp-block-image size-large\"><img loading=\"lazy\" decoding=\"async\" width=\"548\" height=\"353\" src=\"https:\/\/landfrauenverein-merdingen.de\/wp-content\/uploads\/2020\/09\/Duftige-Gr\u00fc\u00dfe.jpg\" alt=\"\" class=\"wp-image-2413\" srcset=\"https:\/\/landfrauenverein-merdingen.de\/wp-content\/uploads\/2020\/09\/Duftige-Gr\u00fc\u00dfe.jpg 548w, https:\/\/landfrauenverein-merdingen.de\/wp-content\/uploads\/2020\/09\/Duftige-Gr\u00fc\u00dfe-300x193.jpg 300w, https:\/\/landfrauenverein-merdingen.de\/wp-content\/uploads\/2020\/09\/Duftige-Gr\u00fc\u00dfe-466x300.jpg 466w\" sizes=\"auto, (max-width: 548px) 100vw, 548px\" \/><\/figure>\n\n\n\n<p>Duftiger Gru\u00df der LandFrauen Merdingen<\/p>\n\n\n\n<p>Da in Zeiten wie diesen so gar keine Veranstaltung stattfinden konnte, hat sich die Vorstandschaft der LandFrauen Merdingen \u00fcberlegt ihren Mitgliedern eine kleine Erinnerung an den Verein zu schicken. Vorstandssitzungen finden wieder statt, aber man ist sich einig, in Zeiten von Corona besonders vorsichtig mit Veranstaltungen zu sein. Schlie\u00dflich geh\u00f6rt ein Gro\u00dfteil der Mitglieder der Risikogruppe an. Wenn es die Situation zul\u00e4sst geht es nat\u00fcrlich mit vielf\u00e4ltigen Angeboten wieder weiter. Als Zeichen der Verbundenheit haben die Damen vom Vorstand nat\u00fcrlich handgemachte Seifen der Seifentruhe in Elzach bestellt, sch\u00f6n verpackt und mit ein paar Worten versehen, den 135 Mitgliedern verteilt. Eben ein duftiger Gru\u00df, bis wir uns wieder sehen k\u00f6nnen. Bleibt gesund! <\/p>\n\n\n\n<p>Die Vorstandschaft der LandFrauen<\/p>\n\n\n\n<p><strong><span style=\"color:#a30014\" class=\"has-inline-color\">Wir sind noch da!<\/span><\/strong><\/p>\n\n\n\n<p>Nach einer langen Pause hatten wir unsere erste Vorstandssitzung. Wir haben uns beraten, wie wir mit Generalversammlung und Bildungsprogramm weiter umgehen. <\/p>\n\n\n\n<p>Vom Verband aus, d\u00fcrfen wir die Jahreshauptversammlung verschieben, wenn keine Wahlen stattfinden. Das ist bei uns nicht der Fall. Also haben wir die Jahreshauptversammlung in den Herbst\/Winter verschoben, falls es dann die Situation zul\u00e4sst.<\/p>\n\n\n\n<p> Auch werden wir dieses Jahr kein gedrucktes Bildungsprogramm gestalten, da wir nicht wissen was statt finden kann. Wir haben Ideen gesammelt und w\u00fcrden, falls es erlaubt ist, die ausgefallenen Termine vom Fr\u00fchling nachholen und auch Neues dazu anbieten (was unter strengen Hygienema\u00dfnamen machbar ist). Mehr dazu wird dann aktuell im Gemeindeblatt ver\u00f6ffentlicht. <\/p>\n\n\n\n<p>Schade ist, dass im Augenblick nichts statt findet. Wir sind uns aber einig dass wir mit der Situation vorsichtig umgehen m\u00fcssen, da eine Vielzahl unserer Mitglieder der Risikogruppe angeh\u00f6ren. Sobald es m\u00f6glich ist werden wir wieder loslegen!<\/p>\n\n\n\n<p>&nbsp;Wir w\u00fcnschen allen Mitgliedern einen sch\u00f6nen Sommer und ganz wichtig:<\/p>\n\n\n\n<p>Bleibt gesund!<\/p>\n\n\n\n<p>Das Vorstandsteam der LandFrauen Merdingen<\/p>\n\n\n\n<p><mark style=\"background-color:rgba(0, 0, 0, 0);color:#000ba3\" class=\"has-inline-color\"><strong>Dieser Artikel wurde ver\u00f6ffentlicht im Mitteilungsblatt am 6.August 2020<\/strong><\/mark><\/p>\n\n\n\n<p><\/p>\n\n\n\n<h1 class=\"has-text-color wp-block-heading\" style=\"color:#a3001d\">Wegen Corona sind alle weiteren geplanten Veranstaltungen abgesagt<\/h1>\n\n\n\n<figure class=\"wp-block-image size-large\"><img loading=\"lazy\" decoding=\"async\" width=\"425\" height=\"231\" src=\"https:\/\/landfrauenverein-merdingen.de\/wp-content\/uploads\/2020\/03\/Absage-Was-Oma-noch-wu\u00dfte-1.png\" alt=\"\" class=\"wp-image-2347\" srcset=\"https:\/\/landfrauenverein-merdingen.de\/wp-content\/uploads\/2020\/03\/Absage-Was-Oma-noch-wu\u00dfte-1.png 425w, https:\/\/landfrauenverein-merdingen.de\/wp-content\/uploads\/2020\/03\/Absage-Was-Oma-noch-wu\u00dfte-1-300x163.png 300w\" sizes=\"auto, (max-width: 425px) 100vw, 425px\" \/><\/figure>\n\n\n\n<h2 class=\"wp-block-heading\"> D`Merdinger Fasnet het kei Loch!&nbsp;  <\/h2>\n\n\n\n<figure class=\"wp-block-image size-large is-resized\"><img loading=\"lazy\" decoding=\"async\" src=\"https:\/\/landfrauenverein-merdingen.de\/wp-content\/uploads\/2020\/03\/Fasnetsunntig-2-250x495-1.jpg\" alt=\"\" class=\"wp-image-2327\" width=\"250\" height=\"495\" srcset=\"https:\/\/landfrauenverein-merdingen.de\/wp-content\/uploads\/2020\/03\/Fasnetsunntig-2-250x495-1.jpg 250w, https:\/\/landfrauenverein-merdingen.de\/wp-content\/uploads\/2020\/03\/Fasnetsunntig-2-250x495-1-152x300.jpg 152w\" sizes=\"auto, (max-width: 250px) 100vw, 250px\" \/><figcaption class=\"wp-element-caption\">Fasnetsunntig in der Halle<br><\/figcaption><\/figure>\n\n\n\n<p><\/p>\n\n\n\n<p>Mit viel Spa\u00df und Engagement&nbsp;\nhaben der Turnverein und wir LandFrauen die Bewirtung am Fasnetssonntag\nbew\u00e4ltigt. Wir danken ALLEN Helfern und Kuchenb\u00e4cker\/ innen f\u00fcr die\nUnterst\u00fctzung. <\/p>\n\n\n\n<p>Das ist Vereinsgemeinschaft! D`Merdinger Fasnet het kei\nLoch!&nbsp; <\/p>\n\n\n\n<p><strong>Dass d Fasnt kei Loch griegt!<\/strong>  Damit das nicht passiert haben sich der Turnverein und die LandFrauen zusammengeschlossen und in die Festhalle eingeladen:<\/p>\n\n\n\n<p> &#8220; <strong>Die Festhalle ist am 23. Februar von 11 bis 17 Uhr ge\u00f6ffnet.<\/strong> Gerne bewirten wir Euch mit Rindergulasch, Sp\u00e4tzle, Fleichk\u00e4sweckle, Kaffee, Kuchen und den \u00fcblichen Getr\u00e4nken. Kommt vorbei und unterst\u00fctzt uns! &#8222;<\/p>\n\n\n\n<h2 class=\"wp-block-heading\">Konzertlesung am 14.02.2020 um 20 Uhr im B\u00fcrgersaal<\/h2>\n\n\n\n<p>Eine Veranstaltung des <b>Kunstforums Merdingen<\/b> mit Beteiligung der Landfrauen.<\/p>\n\n\n\n<figure class=\"wp-block-image size-large\"><img loading=\"lazy\" decoding=\"async\" width=\"630\" height=\"496\" src=\"https:\/\/landfrauenverein-merdingen.de\/wp-content\/uploads\/2020\/02\/Weltreise-am-K\u00fcchentisch-630.jpg\" alt=\"\" class=\"wp-image-2284\" srcset=\"https:\/\/landfrauenverein-merdingen.de\/wp-content\/uploads\/2020\/02\/Weltreise-am-K\u00fcchentisch-630.jpg 630w, https:\/\/landfrauenverein-merdingen.de\/wp-content\/uploads\/2020\/02\/Weltreise-am-K\u00fcchentisch-630-300x236.jpg 300w, https:\/\/landfrauenverein-merdingen.de\/wp-content\/uploads\/2020\/02\/Weltreise-am-K\u00fcchentisch-630-381x300.jpg 381w\" sizes=\"auto, (max-width: 630px) 100vw, 630px\" \/><\/figure>\n\n\n\n<p><\/p>\n\n\n\n<p>Es wurde das Buch \u201e<strong>Weltreise am K\u00fcchentisch\u201c von Iris Lemanczyk<\/strong> vorgestellt. Ein Buch mit Rezepten und Lebensgeschichten der jeweiligen Einwanderer. die jetzt in Stuttgart wohnen. Die Autorin las aus dem Buch<\/p>\n\n\n\n<p>Zwischendurch hat uns die s\u00fcdafrikanische S\u00e4ngerin<strong> Thabil\u00e9<\/strong> mit ausdrucksstarken Liedern aus ihrer Heimat unterhalten. <\/p>\n\n\n\n<figure class=\"wp-block-image size-large\"><img loading=\"lazy\" decoding=\"async\" width=\"150\" height=\"183\" src=\"https:\/\/landfrauenverein-merdingen.de\/wp-content\/uploads\/2020\/02\/Weltreise-am-K\u00fcchentisch-Thabile.jpg\" alt=\"\" class=\"wp-image-2320\"\/><\/figure>\n\n\n\n<figure class=\"wp-block-image size-large is-resized\"><img loading=\"lazy\" decoding=\"async\" src=\"https:\/\/landfrauenverein-merdingen.de\/wp-content\/uploads\/2020\/02\/Konzertlesung-S\u00e4ngerin-3-1.jpg\" alt=\"\" class=\"wp-image-2279\" width=\"584\" height=\"558\" srcset=\"https:\/\/landfrauenverein-merdingen.de\/wp-content\/uploads\/2020\/02\/Konzertlesung-S\u00e4ngerin-3-1.jpg 630w, https:\/\/landfrauenverein-merdingen.de\/wp-content\/uploads\/2020\/02\/Konzertlesung-S\u00e4ngerin-3-1-300x287.jpg 300w, https:\/\/landfrauenverein-merdingen.de\/wp-content\/uploads\/2020\/02\/Konzertlesung-S\u00e4ngerin-3-1-313x300.jpg 313w\" sizes=\"auto, (max-width: 584px) 100vw, 584px\" \/><\/figure>\n\n\n\n<p>In der Pause gab es kleine Versucherle aus dem Kochbuch, zubereitet von den <em>LandFrauen Merdingen<\/em><\/p>\n\n\n\n<figure class=\"wp-block-gallery has-nested-images columns-default is-cropped wp-block-gallery-1 is-layout-flex wp-block-gallery-is-layout-flex\">\n<figure class=\"wp-block-image size-large\"><img loading=\"lazy\" decoding=\"async\" width=\"300\" height=\"468\" data-id=\"2269\" src=\"https:\/\/landfrauenverein-merdingen.de\/wp-content\/uploads\/2020\/02\/Konzertlesung-2-Topf-Linsensuppe.jpg\" alt=\"\" class=\"wp-image-2269\" srcset=\"https:\/\/landfrauenverein-merdingen.de\/wp-content\/uploads\/2020\/02\/Konzertlesung-2-Topf-Linsensuppe.jpg 300w, https:\/\/landfrauenverein-merdingen.de\/wp-content\/uploads\/2020\/02\/Konzertlesung-2-Topf-Linsensuppe-192x300.jpg 192w\" sizes=\"auto, (max-width: 300px) 100vw, 300px\" \/><figcaption class=\"wp-element-caption\">Rote Linsensuppe<\/figcaption><\/figure>\n\n\n\n<figure class=\"wp-block-image size-large\"><img loading=\"lazy\" decoding=\"async\" width=\"300\" height=\"364\" data-id=\"2270\" src=\"https:\/\/landfrauenverein-merdingen.de\/wp-content\/uploads\/2020\/02\/Konzertlesung-4-Rezept-Linsensuppe.jpg\" alt=\"\" class=\"wp-image-2270\" srcset=\"https:\/\/landfrauenverein-merdingen.de\/wp-content\/uploads\/2020\/02\/Konzertlesung-4-Rezept-Linsensuppe.jpg 300w, https:\/\/landfrauenverein-merdingen.de\/wp-content\/uploads\/2020\/02\/Konzertlesung-4-Rezept-Linsensuppe-247x300.jpg 247w\" sizes=\"auto, (max-width: 300px) 100vw, 300px\" \/><\/figure>\n\n\n\n<figure class=\"wp-block-image size-large\"><img loading=\"lazy\" decoding=\"async\" width=\"300\" height=\"534\" data-id=\"2281\" src=\"https:\/\/landfrauenverein-merdingen.de\/wp-content\/uploads\/2020\/02\/Konzertlesung-3-frittierte-Teigt\u00e4shchen.jpg\" alt=\"\" class=\"wp-image-2281\" srcset=\"https:\/\/landfrauenverein-merdingen.de\/wp-content\/uploads\/2020\/02\/Konzertlesung-3-frittierte-Teigt\u00e4shchen.jpg 300w, https:\/\/landfrauenverein-merdingen.de\/wp-content\/uploads\/2020\/02\/Konzertlesung-3-frittierte-Teigt\u00e4shchen-169x300.jpg 169w\" sizes=\"auto, (max-width: 300px) 100vw, 300px\" \/><figcaption class=\"wp-element-caption\">Frittierte Teigt\u00e4schchen mit Rinderhack<\/figcaption><\/figure>\n\n\n\n<figure class=\"wp-block-image size-large\"><img loading=\"lazy\" decoding=\"async\" width=\"300\" height=\"534\" data-id=\"2273\" src=\"https:\/\/landfrauenverein-merdingen.de\/wp-content\/uploads\/2020\/02\/Konzertlesung-7-Buffet-2.jpg\" alt=\"\" class=\"wp-image-2273\" srcset=\"https:\/\/landfrauenverein-merdingen.de\/wp-content\/uploads\/2020\/02\/Konzertlesung-7-Buffet-2.jpg 300w, https:\/\/landfrauenverein-merdingen.de\/wp-content\/uploads\/2020\/02\/Konzertlesung-7-Buffet-2-169x300.jpg 169w\" sizes=\"auto, (max-width: 300px) 100vw, 300px\" \/><figcaption class=\"wp-element-caption\">Das Buffet<\/figcaption><\/figure>\n\n\n\n<figure class=\"wp-block-image size-large\"><img loading=\"lazy\" decoding=\"async\" width=\"300\" height=\"395\" data-id=\"2272\" src=\"https:\/\/landfrauenverein-merdingen.de\/wp-content\/uploads\/2020\/02\/Konzertlesung-1-Buffet.jpg\" alt=\"\" class=\"wp-image-2272\" srcset=\"https:\/\/landfrauenverein-merdingen.de\/wp-content\/uploads\/2020\/02\/Konzertlesung-1-Buffet.jpg 300w, https:\/\/landfrauenverein-merdingen.de\/wp-content\/uploads\/2020\/02\/Konzertlesung-1-Buffet-228x300.jpg 228w\" sizes=\"auto, (max-width: 300px) 100vw, 300px\" \/><\/figure>\n\n\n\n<figure class=\"wp-block-image size-large\"><img loading=\"lazy\" decoding=\"async\" width=\"300\" height=\"458\" data-id=\"2286\" src=\"https:\/\/landfrauenverein-merdingen.de\/wp-content\/uploads\/2020\/02\/Konzertlesung-Linsensuppe-Teigt\u00e4schchen-Griesbrei.jpg\" alt=\"\" class=\"wp-image-2286\" srcset=\"https:\/\/landfrauenverein-merdingen.de\/wp-content\/uploads\/2020\/02\/Konzertlesung-Linsensuppe-Teigt\u00e4schchen-Griesbrei.jpg 300w, https:\/\/landfrauenverein-merdingen.de\/wp-content\/uploads\/2020\/02\/Konzertlesung-Linsensuppe-Teigt\u00e4schchen-Griesbrei-197x300.jpg 197w\" sizes=\"auto, (max-width: 300px) 100vw, 300px\" \/><figcaption class=\"wp-element-caption\"><strong>Linsensuppe,<br>Teigt\u00e4schchen,<\/strong><br><strong>Grie\u00dfbrei<\/strong> mit gehackten Erdn\u00fcssen und Mandeln ohne Milch <\/figcaption><\/figure>\n<\/figure>\n\n\n\n<figure class=\"wp-block-image size-full\"><img loading=\"lazy\" decoding=\"async\" width=\"629\" height=\"452\" src=\"https:\/\/landfrauenverein-merdingen.de\/wp-content\/uploads\/2020\/02\/Konzertlesung-Danke-1-630x452-1.jpg\" alt=\"\" class=\"wp-image-2276\" srcset=\"https:\/\/landfrauenverein-merdingen.de\/wp-content\/uploads\/2020\/02\/Konzertlesung-Danke-1-630x452-1.jpg 629w, https:\/\/landfrauenverein-merdingen.de\/wp-content\/uploads\/2020\/02\/Konzertlesung-Danke-1-630x452-1-300x216.jpg 300w, https:\/\/landfrauenverein-merdingen.de\/wp-content\/uploads\/2020\/02\/Konzertlesung-Danke-1-630x452-1-417x300.jpg 417w\" sizes=\"auto, (max-width: 629px) 100vw, 629px\" \/><figcaption class=\"wp-element-caption\">Ein Dankesch\u00f6n an die K\u00f6chinnen <\/figcaption><\/figure>\n\n\n\n<h2 class=\"wp-block-heading\">Heilpflanzen bei Schlafst\u00f6rungen am 10.Februar 2020 um 19 Uhr<\/h2>\n\n\n\n<figure class=\"wp-block-gallery has-nested-images columns-default is-cropped wp-block-gallery-2 is-layout-flex wp-block-gallery-is-layout-flex\">\n<figure class=\"wp-block-image size-large\"><img loading=\"lazy\" decoding=\"async\" width=\"419\" height=\"354\" data-id=\"2244\" src=\"https:\/\/landfrauenverein-merdingen.de\/wp-content\/uploads\/2020\/02\/Schlafst\u00f6rungen-Begr\u00fc\u00dfung.jpg\" alt=\"\" class=\"wp-image-2244\" srcset=\"https:\/\/landfrauenverein-merdingen.de\/wp-content\/uploads\/2020\/02\/Schlafst\u00f6rungen-Begr\u00fc\u00dfung.jpg 419w, https:\/\/landfrauenverein-merdingen.de\/wp-content\/uploads\/2020\/02\/Schlafst\u00f6rungen-Begr\u00fc\u00dfung-300x253.jpg 300w, https:\/\/landfrauenverein-merdingen.de\/wp-content\/uploads\/2020\/02\/Schlafst\u00f6rungen-Begr\u00fc\u00dfung-355x300.jpg 355w\" sizes=\"auto, (max-width: 419px) 100vw, 419px\" \/><figcaption class=\"wp-element-caption\">Sigrid begr\u00fc\u00dft die Referentin  Frau Girsch und die zahlreichen Teilnehmerinnen<\/figcaption><\/figure>\n\n\n\n<figure class=\"wp-block-image size-large\"><img loading=\"lazy\" decoding=\"async\" width=\"300\" height=\"244\" data-id=\"2243\" src=\"https:\/\/landfrauenverein-merdingen.de\/wp-content\/uploads\/2020\/02\/Schlafst\u00f6rungen-3.jpg\" alt=\"\" class=\"wp-image-2243\"\/><figcaption class=\"wp-element-caption\">im Tiefschlaf<\/figcaption><\/figure>\n<\/figure>\n\n\n\n<p><\/p>\n\n\n\n<figure class=\"wp-block-image size-large\"><img loading=\"lazy\" decoding=\"async\" width=\"630\" height=\"405\" src=\"https:\/\/landfrauenverein-merdingen.de\/wp-content\/uploads\/2020\/02\/Schlafst\u00f6rungen-1.jpg\" alt=\"\" class=\"wp-image-2245\" srcset=\"https:\/\/landfrauenverein-merdingen.de\/wp-content\/uploads\/2020\/02\/Schlafst\u00f6rungen-1.jpg 630w, https:\/\/landfrauenverein-merdingen.de\/wp-content\/uploads\/2020\/02\/Schlafst\u00f6rungen-1-300x193.jpg 300w, https:\/\/landfrauenverein-merdingen.de\/wp-content\/uploads\/2020\/02\/Schlafst\u00f6rungen-1-467x300.jpg 467w\" sizes=\"auto, (max-width: 630px) 100vw, 630px\" \/><\/figure>\n\n\n\n<figure class=\"wp-block-image size-large\"><img loading=\"lazy\" decoding=\"async\" width=\"630\" height=\"523\" src=\"https:\/\/landfrauenverein-merdingen.de\/wp-content\/uploads\/2020\/02\/Schlafst\u00f6rungen-2-1.jpg\" alt=\"\" class=\"wp-image-2248\" srcset=\"https:\/\/landfrauenverein-merdingen.de\/wp-content\/uploads\/2020\/02\/Schlafst\u00f6rungen-2-1.jpg 630w, https:\/\/landfrauenverein-merdingen.de\/wp-content\/uploads\/2020\/02\/Schlafst\u00f6rungen-2-1-300x249.jpg 300w, https:\/\/landfrauenverein-merdingen.de\/wp-content\/uploads\/2020\/02\/Schlafst\u00f6rungen-2-1-361x300.jpg 361w\" sizes=\"auto, (max-width: 630px) 100vw, 630px\" \/><figcaption class=\"wp-element-caption\">Die Besucherinnen durften den Schlaftee ( nach Girsch Rezept )  probieren <\/figcaption><\/figure>\n\n\n\n<h2 class=\"wp-block-heading\">BezirksLandFrauentag am 01.Februar 2020 in Ihringen<\/h2>\n\n\n\n<p>Der diesj\u00e4hrige BezirkslandFrauentag stand ganz im Zeichen der Verabschiedung von Luise Blattmann als Bezirksvorsitzende. Luise war 15 Jahre BZ Vorsitzende und wurde f\u00fcr ihren gro\u00dfen Einsatz zur <strong>Ehrenvorsitzenden<\/strong> des LandFrauenbezirkes Freiburg ernannt. <\/p>\n\n\n\n<figure class=\"wp-block-image size-large\"><img loading=\"lazy\" decoding=\"async\" width=\"630\" height=\"273\" src=\"https:\/\/landfrauenverein-merdingen.de\/wp-content\/uploads\/2020\/02\/BLT-Chor-2-1.jpg\" alt=\"\" class=\"wp-image-2302\" srcset=\"https:\/\/landfrauenverein-merdingen.de\/wp-content\/uploads\/2020\/02\/BLT-Chor-2-1.jpg 630w, https:\/\/landfrauenverein-merdingen.de\/wp-content\/uploads\/2020\/02\/BLT-Chor-2-1-300x130.jpg 300w, https:\/\/landfrauenverein-merdingen.de\/wp-content\/uploads\/2020\/02\/BLT-Chor-2-1-500x217.jpg 500w\" sizes=\"auto, (max-width: 630px) 100vw, 630px\" \/><figcaption class=\"wp-element-caption\">Musikalischer Auftakt, MISS_TONes Vogtsbug, Leitung Elke Neidlein<\/figcaption><\/figure>\n\n\n\n<figure class=\"wp-block-gallery has-nested-images columns-4 is-cropped wp-block-gallery-3 is-layout-flex wp-block-gallery-is-layout-flex\">\n<figure class=\"wp-block-image size-large\"><img loading=\"lazy\" decoding=\"async\" width=\"425\" height=\"862\" data-id=\"2291\" src=\"https:\/\/landfrauenverein-merdingen.de\/wp-content\/uploads\/2020\/02\/BLT-Wangler-3-1.jpg\" alt=\"\" class=\"wp-image-2291\" srcset=\"https:\/\/landfrauenverein-merdingen.de\/wp-content\/uploads\/2020\/02\/BLT-Wangler-3-1.jpg 425w, https:\/\/landfrauenverein-merdingen.de\/wp-content\/uploads\/2020\/02\/BLT-Wangler-3-1-148x300.jpg 148w\" sizes=\"auto, (max-width: 425px) 100vw, 425px\" \/><figcaption class=\"wp-element-caption\">Die neue Bezirksvorsitzende Frau Wangler begr\u00fc\u00dft die G\u00e4ste<\/figcaption><\/figure>\n\n\n\n<figure class=\"wp-block-image size-large\"><img loading=\"lazy\" decoding=\"async\" width=\"250\" height=\"326\" data-id=\"2292\" src=\"https:\/\/landfrauenverein-merdingen.de\/wp-content\/uploads\/2020\/02\/BLT-Landr\u00e4tin-2-250x326-2.jpg\" alt=\"\" class=\"wp-image-2292\" srcset=\"https:\/\/landfrauenverein-merdingen.de\/wp-content\/uploads\/2020\/02\/BLT-Landr\u00e4tin-2-250x326-2.jpg 250w, https:\/\/landfrauenverein-merdingen.de\/wp-content\/uploads\/2020\/02\/BLT-Landr\u00e4tin-2-250x326-2-230x300.jpg 230w\" sizes=\"auto, (max-width: 250px) 100vw, 250px\" \/><figcaption class=\"wp-element-caption\">Landr\u00e4tin Dorothea St\u00f6rr-Ritter spricht Gru\u00dfworte und w\u00fcrdigt die Verdienste von Luise<\/figcaption><\/figure>\n\n\n\n<figure class=\"wp-block-image size-large\"><img loading=\"lazy\" decoding=\"async\" width=\"301\" height=\"444\" data-id=\"2293\" src=\"https:\/\/landfrauenverein-merdingen.de\/wp-content\/uploads\/2020\/02\/BLT-Kathrin-3.jpg\" alt=\"\" class=\"wp-image-2293\" srcset=\"https:\/\/landfrauenverein-merdingen.de\/wp-content\/uploads\/2020\/02\/BLT-Kathrin-3.jpg 301w, https:\/\/landfrauenverein-merdingen.de\/wp-content\/uploads\/2020\/02\/BLT-Kathrin-3-203x300.jpg 203w\" sizes=\"auto, (max-width: 301px) 100vw, 301px\" \/><figcaption class=\"wp-element-caption\">Kathrin Leininger h\u00e4lt die Laudatio <\/figcaption><\/figure>\n\n\n\n<figure class=\"wp-block-image size-large\"><img loading=\"lazy\" decoding=\"async\" width=\"250\" height=\"330\" data-id=\"2296\" src=\"https:\/\/landfrauenverein-merdingen.de\/wp-content\/uploads\/2020\/02\/BLT-Luise-Karcher-2-250x330-2.jpg\" alt=\"\" class=\"wp-image-2296\" srcset=\"https:\/\/landfrauenverein-merdingen.de\/wp-content\/uploads\/2020\/02\/BLT-Luise-Karcher-2-250x330-2.jpg 250w, https:\/\/landfrauenverein-merdingen.de\/wp-content\/uploads\/2020\/02\/BLT-Luise-Karcher-2-250x330-2-227x300.jpg 227w\" sizes=\"auto, (max-width: 250px) 100vw, 250px\" \/><figcaption class=\"wp-element-caption\">Gru\u00dfworte und Ehrung von Rosa Karcher Pr\u00e4sidentin des  LandFrauenver-bandes S\u00fcdbaden<\/figcaption><\/figure>\n<\/figure>\n\n\n\n<figure class=\"wp-block-gallery has-nested-images columns-default wp-block-gallery-4 is-layout-flex wp-block-gallery-is-layout-flex\">\n<figure class=\"wp-block-image size-large\"><img loading=\"lazy\" decoding=\"async\" width=\"552\" height=\"355\" data-id=\"2240\" src=\"https:\/\/landfrauenverein-merdingen.de\/wp-content\/uploads\/2020\/02\/BLT-Luise-Urkunde-2-552x355-1.jpg\" alt=\"\" class=\"wp-image-2240\" srcset=\"https:\/\/landfrauenverein-merdingen.de\/wp-content\/uploads\/2020\/02\/BLT-Luise-Urkunde-2-552x355-1.jpg 552w, https:\/\/landfrauenverein-merdingen.de\/wp-content\/uploads\/2020\/02\/BLT-Luise-Urkunde-2-552x355-1-300x193.jpg 300w, https:\/\/landfrauenverein-merdingen.de\/wp-content\/uploads\/2020\/02\/BLT-Luise-Urkunde-2-552x355-1-466x300.jpg 466w\" sizes=\"auto, (max-width: 552px) 100vw, 552px\" \/><figcaption class=\"wp-element-caption\">Pr\u00e4sidentin Rosa Karcher verleiht Luise die Urkunde zur <strong>Ehrenvorsitzenden<\/strong> des LandFrauen Bezirkes Freiburg<\/figcaption><\/figure>\n<\/figure>\n\n\n\n<figure class=\"wp-block-gallery has-nested-images columns-default is-cropped wp-block-gallery-5 is-layout-flex wp-block-gallery-is-layout-flex\">\n<figure class=\"wp-block-image size-large\"><img loading=\"lazy\" decoding=\"async\" width=\"282\" height=\"354\" data-id=\"2300\" src=\"https:\/\/landfrauenverein-merdingen.de\/wp-content\/uploads\/2020\/02\/BLT-Luise-R\u00e4pple-4-1.jpg\" alt=\"\" class=\"wp-image-2300\" srcset=\"https:\/\/landfrauenverein-merdingen.de\/wp-content\/uploads\/2020\/02\/BLT-Luise-R\u00e4pple-4-1.jpg 282w, https:\/\/landfrauenverein-merdingen.de\/wp-content\/uploads\/2020\/02\/BLT-Luise-R\u00e4pple-4-1-239x300.jpg 239w\" sizes=\"auto, (max-width: 282px) 100vw, 282px\" \/><figcaption class=\"wp-element-caption\">BLHV Pr\u00e4sident R\u00e4pple verleiht Luise das <strong>Gr\u00fcne Band<\/strong><\/figcaption><\/figure>\n\n\n\n<figure class=\"wp-block-image size-large\"><img loading=\"lazy\" decoding=\"async\" width=\"250\" height=\"186\" data-id=\"2301\" src=\"https:\/\/landfrauenverein-merdingen.de\/wp-content\/uploads\/2020\/02\/BLT-Pfefferle-2-250x186-2.jpg\" alt=\"\" class=\"wp-image-2301\"\/><figcaption class=\"wp-element-caption\">Frau Pfefferle wurde mit Dank und W\u00fcrdigung aus dem Bezirksvorstand verabschiedet<\/figcaption><\/figure>\n<\/figure>\n\n\n\n<figure class=\"wp-block-image size-large\"><img loading=\"lazy\" decoding=\"async\" width=\"630\" height=\"389\" src=\"https:\/\/landfrauenverein-merdingen.de\/wp-content\/uploads\/2020\/02\/BZL-Luise-Ortsvereine-3.jpg\" alt=\"\" class=\"wp-image-2239\" srcset=\"https:\/\/landfrauenverein-merdingen.de\/wp-content\/uploads\/2020\/02\/BZL-Luise-Ortsvereine-3.jpg 630w, https:\/\/landfrauenverein-merdingen.de\/wp-content\/uploads\/2020\/02\/BZL-Luise-Ortsvereine-3-300x185.jpg 300w, https:\/\/landfrauenverein-merdingen.de\/wp-content\/uploads\/2020\/02\/BZL-Luise-Ortsvereine-3-486x300.jpg 486w\" sizes=\"auto, (max-width: 630px) 100vw, 630px\" \/><figcaption class=\"wp-element-caption\">Kleine Dank Geschenke der Ortsvorsitzenden<\/figcaption><\/figure>\n\n\n\n<figure class=\"wp-block-image size-large\"><img loading=\"lazy\" decoding=\"async\" width=\"630\" height=\"302\" src=\"https:\/\/landfrauenverein-merdingen.de\/wp-content\/uploads\/2020\/02\/BLZ-Beifal-f\u00fcr-Luise.jpg\" alt=\"\" class=\"wp-image-2237\" srcset=\"https:\/\/landfrauenverein-merdingen.de\/wp-content\/uploads\/2020\/02\/BLZ-Beifal-f\u00fcr-Luise.jpg 630w, https:\/\/landfrauenverein-merdingen.de\/wp-content\/uploads\/2020\/02\/BLZ-Beifal-f\u00fcr-Luise-300x144.jpg 300w, https:\/\/landfrauenverein-merdingen.de\/wp-content\/uploads\/2020\/02\/BLZ-Beifal-f\u00fcr-Luise-500x240.jpg 500w\" sizes=\"auto, (max-width: 630px) 100vw, 630px\" \/><figcaption class=\"wp-element-caption\">Loblied, Beifall und Dank f\u00fcr Luise<\/figcaption><\/figure>\n\n\n\n<figure class=\"wp-block-gallery has-nested-images columns-default is-cropped wp-block-gallery-6 is-layout-flex wp-block-gallery-is-layout-flex\">\n<figure class=\"wp-block-image size-large\"><img loading=\"lazy\" decoding=\"async\" width=\"250\" height=\"286\" data-id=\"2303\" src=\"https:\/\/landfrauenverein-merdingen.de\/wp-content\/uploads\/2020\/02\/BLT-Luise-Rosen-2-250x286-2.jpg\" alt=\"\" class=\"wp-image-2303\"\/><figcaption class=\"wp-element-caption\">Luise freut sich \u00fcber die Ehrungen<\/figcaption><\/figure>\n\n\n\n<figure class=\"wp-block-image size-large\"><img loading=\"lazy\" decoding=\"async\" width=\"300\" height=\"424\" data-id=\"2304\" src=\"https:\/\/landfrauenverein-merdingen.de\/wp-content\/uploads\/2020\/02\/BLT-Blume-300x424-2.jpg\" alt=\"\" class=\"wp-image-2304\" srcset=\"https:\/\/landfrauenverein-merdingen.de\/wp-content\/uploads\/2020\/02\/BLT-Blume-300x424-2.jpg 300w, https:\/\/landfrauenverein-merdingen.de\/wp-content\/uploads\/2020\/02\/BLT-Blume-300x424-2-212x300.jpg 212w\" sizes=\"auto, (max-width: 300px) 100vw, 300px\" \/><figcaption class=\"wp-element-caption\">Frau  Malis Blume, Kabarettistin <br>&#8222;Zur Sache Frau&#8220;<\/figcaption><\/figure>\n<\/figure>\n\n\n\n<p><strong>Gestalten mit Rebholz am 23.01.2020<\/strong><\/p>\n\n\n\n<figure class=\"wp-block-image size-large\"><img loading=\"lazy\" decoding=\"async\" width=\"640\" height=\"480\" src=\"https:\/\/landfrauenverein-merdingen.de\/wp-content\/uploads\/2020\/02\/Rebholz-3-rotated.jpeg\" alt=\"\" class=\"wp-image-2222\" srcset=\"https:\/\/landfrauenverein-merdingen.de\/wp-content\/uploads\/2020\/02\/Rebholz-3-rotated.jpeg 640w, https:\/\/landfrauenverein-merdingen.de\/wp-content\/uploads\/2020\/02\/Rebholz-3-300x225.jpeg 300w, https:\/\/landfrauenverein-merdingen.de\/wp-content\/uploads\/2020\/02\/Rebholz-3-400x300.jpeg 400w\" sizes=\"auto, (max-width: 640px) 100vw, 640px\" \/><\/figure>\n\n\n\n<p>Der Abend \u201eGestalten mit Rebholz\u201c war ausgebucht. DieTeilnehmerinnen brachten&nbsp; Rebschere, einen R\u00f6dler und \u00d6sendraht mit. Das Rebholz wurde gestellt. Die Referentin &nbsp;hatte kurzfristig abgesagt, Deshalb \u00fcbernahm Sigrid Schnurr die Kursleitung. Mit Erfolg wie man sieht<\/p>\n\n\n\n<figure class=\"wp-block-image size-large\"><img loading=\"lazy\" decoding=\"async\" width=\"640\" height=\"480\" src=\"https:\/\/landfrauenverein-merdingen.de\/wp-content\/uploads\/2020\/02\/Rebholz-8.jpeg\" alt=\"\" class=\"wp-image-2226\" srcset=\"https:\/\/landfrauenverein-merdingen.de\/wp-content\/uploads\/2020\/02\/Rebholz-8.jpeg 640w, https:\/\/landfrauenverein-merdingen.de\/wp-content\/uploads\/2020\/02\/Rebholz-8-300x225.jpeg 300w, https:\/\/landfrauenverein-merdingen.de\/wp-content\/uploads\/2020\/02\/Rebholz-8-400x300.jpeg 400w\" sizes=\"auto, (max-width: 640px) 100vw, 640px\" \/><\/figure>\n\n\n\n<figure class=\"wp-block-image size-large\"><img loading=\"lazy\" decoding=\"async\" width=\"640\" height=\"480\" src=\"https:\/\/landfrauenverein-merdingen.de\/wp-content\/uploads\/2020\/02\/Rebholz-6.jpeg\" alt=\"\" class=\"wp-image-2225\" srcset=\"https:\/\/landfrauenverein-merdingen.de\/wp-content\/uploads\/2020\/02\/Rebholz-6.jpeg 640w, https:\/\/landfrauenverein-merdingen.de\/wp-content\/uploads\/2020\/02\/Rebholz-6-300x225.jpeg 300w, https:\/\/landfrauenverein-merdingen.de\/wp-content\/uploads\/2020\/02\/Rebholz-6-400x300.jpeg 400w\" sizes=\"auto, (max-width: 640px) 100vw, 640px\" \/><\/figure>\n\n\n\n<figure class=\"wp-block-image size-large\"><img loading=\"lazy\" decoding=\"async\" width=\"640\" height=\"480\" src=\"https:\/\/landfrauenverein-merdingen.de\/wp-content\/uploads\/2020\/02\/Rebholz-7.jpeg\" alt=\"\" class=\"wp-image-2224\" srcset=\"https:\/\/landfrauenverein-merdingen.de\/wp-content\/uploads\/2020\/02\/Rebholz-7.jpeg 640w, https:\/\/landfrauenverein-merdingen.de\/wp-content\/uploads\/2020\/02\/Rebholz-7-300x225.jpeg 300w, https:\/\/landfrauenverein-merdingen.de\/wp-content\/uploads\/2020\/02\/Rebholz-7-400x300.jpeg 400w\" sizes=\"auto, (max-width: 640px) 100vw, 640px\" \/><\/figure>\n\n\n\n<figure class=\"wp-block-image size-large\"><img loading=\"lazy\" decoding=\"async\" width=\"640\" height=\"480\" src=\"https:\/\/landfrauenverein-merdingen.de\/wp-content\/uploads\/2020\/02\/Rebhol-9.jpeg\" alt=\"\" class=\"wp-image-2228\" srcset=\"https:\/\/landfrauenverein-merdingen.de\/wp-content\/uploads\/2020\/02\/Rebhol-9.jpeg 640w, https:\/\/landfrauenverein-merdingen.de\/wp-content\/uploads\/2020\/02\/Rebhol-9-300x225.jpeg 300w, https:\/\/landfrauenverein-merdingen.de\/wp-content\/uploads\/2020\/02\/Rebhol-9-400x300.jpeg 400w\" sizes=\"auto, (max-width: 640px) 100vw, 640px\" \/><\/figure>\n\n\n\n<figure class=\"wp-block-image size-large\"><img loading=\"lazy\" decoding=\"async\" width=\"640\" height=\"480\" src=\"https:\/\/landfrauenverein-merdingen.de\/wp-content\/uploads\/2020\/02\/Rebholz-5.jpeg\" alt=\"\" class=\"wp-image-2229\" srcset=\"https:\/\/landfrauenverein-merdingen.de\/wp-content\/uploads\/2020\/02\/Rebholz-5.jpeg 640w, https:\/\/landfrauenverein-merdingen.de\/wp-content\/uploads\/2020\/02\/Rebholz-5-300x225.jpeg 300w, https:\/\/landfrauenverein-merdingen.de\/wp-content\/uploads\/2020\/02\/Rebholz-5-400x300.jpeg 400w\" sizes=\"auto, (max-width: 640px) 100vw, 640px\" \/><\/figure>\n\n\n\n<figure class=\"wp-block-image size-large\"><img loading=\"lazy\" decoding=\"async\" width=\"640\" height=\"480\" src=\"https:\/\/landfrauenverein-merdingen.de\/wp-content\/uploads\/2020\/02\/Rebholz-1.jpeg\" alt=\"\" class=\"wp-image-2230\" srcset=\"https:\/\/landfrauenverein-merdingen.de\/wp-content\/uploads\/2020\/02\/Rebholz-1.jpeg 640w, https:\/\/landfrauenverein-merdingen.de\/wp-content\/uploads\/2020\/02\/Rebholz-1-300x225.jpeg 300w, https:\/\/landfrauenverein-merdingen.de\/wp-content\/uploads\/2020\/02\/Rebholz-1-400x300.jpeg 400w\" sizes=\"auto, (max-width: 640px) 100vw, 640px\" \/><\/figure>\n\n\n\n<p><strong>Rund um die Wolle- Offener\nStrick-\/H\u00e4keltreff <\/strong><\/p>\n\n\n\n<p><strong>Am Dienstag, den 21. Januar um 19 Uhr<\/strong>, fand &nbsp;wieder unser Strick-\/H\u00e4keltreff statt. Bei Fragen unterst\u00fctzte wie gewohnt, Betina Glinzig-S\u00fc\u00dfle. Man konnte schon begonnene Werke mitbringen oder Wolle, Nadeln, Anleitung und los gingt`s! &nbsp;.<\/p>\n\n\n\n<p> &nbsp;<\/p>\n\n\n\n<p><strong>Helferfest als Dankesch\u00f6n f\u00fcr das Weinfest 2019<\/strong>,<\/p>\n\n\n\n<p><strong> am Samstag 18.Januar 2020 im &#8222;Wed\u00e4wit&#8220;<\/strong><\/p>\n\n\n\n<p><\/p>\n\n\n\n<p><strong> <\/strong><\/p>\n\n\n\n<figure class=\"wp-block-image size-large\"><img loading=\"lazy\" decoding=\"async\" width=\"640\" height=\"480\" src=\"https:\/\/landfrauenverein-merdingen.de\/wp-content\/uploads\/2020\/02\/Helferfest-2-2.jpeg\" alt=\"\" class=\"wp-image-2213\" srcset=\"https:\/\/landfrauenverein-merdingen.de\/wp-content\/uploads\/2020\/02\/Helferfest-2-2.jpeg 640w, https:\/\/landfrauenverein-merdingen.de\/wp-content\/uploads\/2020\/02\/Helferfest-2-2-300x225.jpeg 300w, https:\/\/landfrauenverein-merdingen.de\/wp-content\/uploads\/2020\/02\/Helferfest-2-2-400x300.jpeg 400w\" sizes=\"auto, (max-width: 640px) 100vw, 640px\" \/><\/figure>\n\n\n\n<p><\/p>\n\n\n\n<p>Mit Erfolg haben wir das Merdinger Gassenweinfest 2019 gemeistert. Anlass zum Danken.<\/p>\n\n\n\n<p>Am Samstagabend um 18 Uhr ging es los mit einem 1\/10 le Sp\u00e4tburgunder Rotwein. Anschlie\u00dfend gab es eine kleine Begr\u00fc\u00dfung von Ilona und Sigrid. Unter dem Motto Bayrischer Abend gab es Wei\u00dfw\u00fcrste, Brezeln, Wammerl, Semmelkn\u00f6del, Braten und ein Dessert. Dazu die passenden Getr\u00e4nke. 65 Helferinnen und&nbsp; Helfer waren erfreulicher Weise der Einladung gefolgt.<\/p>\n\n\n\n<figure class=\"wp-block-image size-large\"><img loading=\"lazy\" decoding=\"async\" width=\"640\" height=\"480\" src=\"https:\/\/landfrauenverein-merdingen.de\/wp-content\/uploads\/2020\/02\/Helferfest-5-2-Team.jpg\" alt=\"\" class=\"wp-image-2214\" srcset=\"https:\/\/landfrauenverein-merdingen.de\/wp-content\/uploads\/2020\/02\/Helferfest-5-2-Team.jpg 640w, https:\/\/landfrauenverein-merdingen.de\/wp-content\/uploads\/2020\/02\/Helferfest-5-2-Team-300x225.jpg 300w, https:\/\/landfrauenverein-merdingen.de\/wp-content\/uploads\/2020\/02\/Helferfest-5-2-Team-400x300.jpg 400w\" sizes=\"auto, (max-width: 640px) 100vw, 640px\" \/><\/figure>\n\n\n\n<figure class=\"wp-block-image size-large\"><img loading=\"lazy\" decoding=\"async\" width=\"630\" height=\"328\" src=\"https:\/\/landfrauenverein-merdingen.de\/wp-content\/uploads\/2020\/02\/Helferfest-7-2-G\u00e4ste.jpg\" alt=\"\" class=\"wp-image-2215\" srcset=\"https:\/\/landfrauenverein-merdingen.de\/wp-content\/uploads\/2020\/02\/Helferfest-7-2-G\u00e4ste.jpg 630w, https:\/\/landfrauenverein-merdingen.de\/wp-content\/uploads\/2020\/02\/Helferfest-7-2-G\u00e4ste-300x156.jpg 300w, https:\/\/landfrauenverein-merdingen.de\/wp-content\/uploads\/2020\/02\/Helferfest-7-2-G\u00e4ste-500x260.jpg 500w\" sizes=\"auto, (max-width: 630px) 100vw, 630px\" \/><\/figure>\n\n\n\n<figure class=\"wp-block-image size-large\"><img loading=\"lazy\" decoding=\"async\" width=\"629\" height=\"346\" src=\"https:\/\/landfrauenverein-merdingen.de\/wp-content\/uploads\/2020\/02\/Helferfest-3-2.jpg\" alt=\"\" class=\"wp-image-2216\" srcset=\"https:\/\/landfrauenverein-merdingen.de\/wp-content\/uploads\/2020\/02\/Helferfest-3-2.jpg 629w, https:\/\/landfrauenverein-merdingen.de\/wp-content\/uploads\/2020\/02\/Helferfest-3-2-300x165.jpg 300w, https:\/\/landfrauenverein-merdingen.de\/wp-content\/uploads\/2020\/02\/Helferfest-3-2-500x275.jpg 500w\" sizes=\"auto, (max-width: 629px) 100vw, 629px\" \/><\/figure>\n\n\n\n<figure class=\"wp-block-image size-large\"><img loading=\"lazy\" decoding=\"async\" width=\"630\" height=\"414\" src=\"https:\/\/landfrauenverein-merdingen.de\/wp-content\/uploads\/2020\/02\/Helferfest4-2-am-Tisch.jpg\" alt=\"\" class=\"wp-image-2217\" srcset=\"https:\/\/landfrauenverein-merdingen.de\/wp-content\/uploads\/2020\/02\/Helferfest4-2-am-Tisch.jpg 630w, https:\/\/landfrauenverein-merdingen.de\/wp-content\/uploads\/2020\/02\/Helferfest4-2-am-Tisch-300x197.jpg 300w, https:\/\/landfrauenverein-merdingen.de\/wp-content\/uploads\/2020\/02\/Helferfest4-2-am-Tisch-457x300.jpg 457w\" sizes=\"auto, (max-width: 630px) 100vw, 630px\" \/><\/figure>\n\n\n\n<figure class=\"wp-block-image size-large\"><img loading=\"lazy\" decoding=\"async\" width=\"640\" height=\"480\" src=\"https:\/\/landfrauenverein-merdingen.de\/wp-content\/uploads\/2020\/02\/Helferfest-1-2.jpeg\" alt=\"\" class=\"wp-image-2218\" srcset=\"https:\/\/landfrauenverein-merdingen.de\/wp-content\/uploads\/2020\/02\/Helferfest-1-2.jpeg 640w, https:\/\/landfrauenverein-merdingen.de\/wp-content\/uploads\/2020\/02\/Helferfest-1-2-300x225.jpeg 300w, https:\/\/landfrauenverein-merdingen.de\/wp-content\/uploads\/2020\/02\/Helferfest-1-2-400x300.jpeg 400w\" sizes=\"auto, (max-width: 640px) 100vw, 640px\" \/><\/figure>\n\n\n\n<p><strong>Rund um die Torte<\/strong><\/p>\n\n\n\n<p><strong>Am 4. Januar 2020<\/strong>  haben wir uns mit der Konditorin Elena Seger getroffen und haben gemeinsam Torten gebacken. <\/p>\n\n\n\n<figure class=\"wp-block-image size-large\"><img loading=\"lazy\" decoding=\"async\" width=\"354\" height=\"254\" src=\"https:\/\/landfrauenverein-merdingen.de\/wp-content\/uploads\/2020\/02\/Tortenkurs-3-Torte-1.jpg\" alt=\"\" class=\"wp-image-2220\" srcset=\"https:\/\/landfrauenverein-merdingen.de\/wp-content\/uploads\/2020\/02\/Tortenkurs-3-Torte-1.jpg 354w, https:\/\/landfrauenverein-merdingen.de\/wp-content\/uploads\/2020\/02\/Tortenkurs-3-Torte-1-300x215.jpg 300w\" sizes=\"auto, (max-width: 354px) 100vw, 354px\" \/><\/figure>\n\n\n\n<p>Zuerst gab es eine kleine Einf\u00fchrung wie man am besten Biskuit backt und auch schneidet. Danach haben wir Teams gebildet. Die einen haben Sahnecreme hergestellt, die anderen Buttercreme. Die Torten wurden aufw\u00e4ndig geschichtet, z.B. Biskuit, Heidelbeersahne, Biskuit, Fruchtkern, Schokosahne und zum Schluss ein Fruchtspiegel. Die Torten sahen sehr ansprechend aus. Auch haben wir eine Dekorkapsel hergestellt und damit den Rand verkleidet. Sehr h\u00fcbsch, fast zu schade zum Essen. Elena hat uns alles sehr detailliert gezeigt und uns begleitet. Dazu bekamen wir noch eine Rezeptb\u00fcchlein, das sie extra f\u00fcr uns gestaltet hat. Ein gelungener Samstagvormittag.  <\/p>\n\n\n\n<figure class=\"wp-block-image size-large is-resized\"><img loading=\"lazy\" decoding=\"async\" src=\"https:\/\/landfrauenverein-merdingen.de\/wp-content\/uploads\/2020\/02\/Tortenkurs-Buch-300x400-2.jpg\" alt=\"\" class=\"wp-image-2203\" width=\"302\" height=\"402\" srcset=\"https:\/\/landfrauenverein-merdingen.de\/wp-content\/uploads\/2020\/02\/Tortenkurs-Buch-300x400-2.jpg 300w, https:\/\/landfrauenverein-merdingen.de\/wp-content\/uploads\/2020\/02\/Tortenkurs-Buch-300x400-2-225x300.jpg 225w\" sizes=\"auto, (max-width: 302px) 100vw, 302px\" \/><\/figure>\n\n\n\n<figure class=\"wp-block-image size-large\"><img loading=\"lazy\" decoding=\"async\" width=\"630\" height=\"401\" src=\"https:\/\/landfrauenverein-merdingen.de\/wp-content\/uploads\/2020\/02\/Tortenkurs-6-2-aufmerksame-Teilnehmerinnen.jpg\" alt=\"\" class=\"wp-image-2204\" srcset=\"https:\/\/landfrauenverein-merdingen.de\/wp-content\/uploads\/2020\/02\/Tortenkurs-6-2-aufmerksame-Teilnehmerinnen.jpg 630w, https:\/\/landfrauenverein-merdingen.de\/wp-content\/uploads\/2020\/02\/Tortenkurs-6-2-aufmerksame-Teilnehmerinnen-300x191.jpg 300w, https:\/\/landfrauenverein-merdingen.de\/wp-content\/uploads\/2020\/02\/Tortenkurs-6-2-aufmerksame-Teilnehmerinnen-471x300.jpg 471w\" sizes=\"auto, (max-width: 630px) 100vw, 630px\" \/><\/figure>\n\n\n\n<figure class=\"wp-block-image size-large\"><img loading=\"lazy\" decoding=\"async\" width=\"630\" height=\"407\" src=\"https:\/\/landfrauenverein-merdingen.de\/wp-content\/uploads\/2020\/02\/Tortenkurs-Teilnehmerinnen-630.jpg\" alt=\"\" class=\"wp-image-2207\" srcset=\"https:\/\/landfrauenverein-merdingen.de\/wp-content\/uploads\/2020\/02\/Tortenkurs-Teilnehmerinnen-630.jpg 630w, https:\/\/landfrauenverein-merdingen.de\/wp-content\/uploads\/2020\/02\/Tortenkurs-Teilnehmerinnen-630-300x194.jpg 300w, https:\/\/landfrauenverein-merdingen.de\/wp-content\/uploads\/2020\/02\/Tortenkurs-Teilnehmerinnen-630-464x300.jpg 464w\" sizes=\"auto, (max-width: 630px) 100vw, 630px\" \/><\/figure>\n\n\n\n<figure class=\"wp-block-image size-large\"><img loading=\"lazy\" decoding=\"async\" width=\"630\" height=\"423\" src=\"https:\/\/landfrauenverein-merdingen.de\/wp-content\/uploads\/2020\/02\/Torten-1-Tortendeko.jpg\" alt=\"\" class=\"wp-image-2208\" srcset=\"https:\/\/landfrauenverein-merdingen.de\/wp-content\/uploads\/2020\/02\/Torten-1-Tortendeko.jpg 630w, https:\/\/landfrauenverein-merdingen.de\/wp-content\/uploads\/2020\/02\/Torten-1-Tortendeko-300x201.jpg 300w, https:\/\/landfrauenverein-merdingen.de\/wp-content\/uploads\/2020\/02\/Torten-1-Tortendeko-447x300.jpg 447w\" sizes=\"auto, (max-width: 630px) 100vw, 630px\" \/><\/figure>\n\n\n\n<figure class=\"wp-block-image size-large\"><img loading=\"lazy\" decoding=\"async\" width=\"354\" height=\"254\" src=\"https:\/\/landfrauenverein-merdingen.de\/wp-content\/uploads\/2020\/02\/Tortenkurs-3-Torte.jpg\" alt=\"\" class=\"wp-image-2209\" srcset=\"https:\/\/landfrauenverein-merdingen.de\/wp-content\/uploads\/2020\/02\/Tortenkurs-3-Torte.jpg 354w, https:\/\/landfrauenverein-merdingen.de\/wp-content\/uploads\/2020\/02\/Tortenkurs-3-Torte-300x215.jpg 300w\" sizes=\"auto, (max-width: 354px) 100vw, 354px\" \/><figcaption class=\"wp-element-caption\">So lecker starteten wir Landfrauen in das neue Jahr 2020<\/figcaption><\/figure>\n\n\n\n<h2 class=\"wp-block-heading\">Aktivit\u00e4ten 2020<\/h2>\n\n\n\n<p><\/p>\n","protected":false},"excerpt":{"rendered":"<p>Frohe Weihnachten 2020 Liebe Landfrauen, mit diesen kleinen Gaben m\u00f6chten wir Euch die Zutaten f\u00fcr eine gem\u00fctliche Weihnachtsstunde schenken.&nbsp; Gerade jetzt in dieser Zeit mit Corona, den ganzen Einschr\u00e4nkungen in denen auch unsere Treffen nicht m\u00f6glich sind, sind viele einsam. &hellip; <a href=\"https:\/\/landfrauenverein-merdingen.de\/?page_id=2183\">Weiterlesen <span class=\"meta-nav\">&rarr;<\/span><\/a><\/p>\n","protected":false},"author":2,"featured_media":0,"parent":2908,"menu_order":2,"comment_status":"closed","ping_status":"closed","template":"","meta":{"footnotes":""},"class_list":["post-2183","page","type-page","status-publish","hentry"],"_links":{"self":[{"href":"https:\/\/landfrauenverein-merdingen.de\/index.php?rest_route=\/wp\/v2\/pages\/2183","targetHints":{"allow":["GET"]}}],"collection":[{"href":"https:\/\/landfrauenverein-merdingen.de\/index.php?rest_route=\/wp\/v2\/pages"}],"about":[{"href":"https:\/\/landfrauenverein-merdingen.de\/index.php?rest_route=\/wp\/v2\/types\/page"}],"author":[{"embeddable":true,"href":"https:\/\/landfrauenverein-merdingen.de\/index.php?rest_route=\/wp\/v2\/users\/2"}],"replies":[{"embeddable":true,"href":"https:\/\/landfrauenverein-merdingen.de\/index.php?rest_route=%2Fwp%2Fv2%2Fcomments&post=2183"}],"version-history":[{"count":69,"href":"https:\/\/landfrauenverein-merdingen.de\/index.php?rest_route=\/wp\/v2\/pages\/2183\/revisions"}],"predecessor-version":[{"id":3280,"href":"https:\/\/landfrauenverein-merdingen.de\/index.php?rest_route=\/wp\/v2\/pages\/2183\/revisions\/3280"}],"up":[{"embeddable":true,"href":"https:\/\/landfrauenverein-merdingen.de\/index.php?rest_route=\/wp\/v2\/pages\/2908"}],"wp:attachment":[{"href":"https:\/\/landfrauenverein-merdingen.de\/index.php?rest_route=%2Fwp%2Fv2%2Fmedia&parent=2183"}],"curies":[{"name":"wp","href":"https:\/\/api.w.org\/{rel}","templated":true}]}}